{"id":742,"date":"2024-10-29T13:17:34","date_gmt":"2024-10-29T13:17:34","guid":{"rendered":"http:\/\/amarettinobili.it\/?page_id=742"},"modified":"2026-02-18T11:25:53","modified_gmt":"2026-02-18T11:25:53","slug":"amaretti-fondente-e-amarena","status":"publish","type":"page","link":"http:\/\/amarettinobili.it\/en\/amaretti-nobili\/amaretti-fondente-e-amarena\/","title":{"rendered":"Dark Chocolate and Sour Cherry"},"content":{"rendered":"\t\t<div data-elementor-type=\"wp-page\" data-elementor-id=\"742\" class=\"elementor elementor-742\" data-elementor-post-type=\"page\">\n\t\t\t\t<div class=\"elementor-element elementor-element-cc3dbbc e-con-full elementor-hidden-tablet elementor-hidden-mobile e-flex e-con e-parent\" data-id=\"cc3dbbc\" data-element_type=\"container\" data-e-type=\"container\" data-settings=\"{&quot;background_background&quot;:&quot;classic&quot;}\">\n\t\t<div class=\"elementor-element elementor-element-26c7391 e-con-full e-flex e-con e-child\" data-id=\"26c7391\" data-element_type=\"container\" data-e-type=\"container\">\n\t\t\t\t<div class=\"elementor-element elementor-element-93cfddb elementor-widget elementor-widget-image\" data-id=\"93cfddb\" data-element_type=\"widget\" data-e-type=\"widget\" data-widget_type=\"image.default\">\n\t\t\t\t<div class=\"elementor-widget-container\">\n\t\t\t\t\t\t\t\t\t\t\t\t\t\t\t<img fetchpriority=\"high\" decoding=\"async\" width=\"1000\" height=\"1000\" src=\"https:\/\/amarettinobili.it\/wp-content\/uploads\/2025\/03\/Amarene-Bianco.png\" class=\"attachment-full size-full wp-image-2414\" alt=\"\" srcset=\"https:\/\/amarettinobili.it\/wp-content\/uploads\/2025\/03\/Amarene-Bianco.png 1000w, https:\/\/amarettinobili.it\/wp-content\/uploads\/2025\/03\/Amarene-Bianco-300x300.png 300w, https:\/\/amarettinobili.it\/wp-content\/uploads\/2025\/03\/Amarene-Bianco-150x150.png 150w, https:\/\/amarettinobili.it\/wp-content\/uploads\/2025\/03\/Amarene-Bianco-768x768.png 768w, https:\/\/amarettinobili.it\/wp-content\/uploads\/2025\/03\/Amarene-Bianco-12x12.png 12w, https:\/\/amarettinobili.it\/wp-content\/uploads\/2025\/03\/Amarene-Bianco-600x600.png 600w, https:\/\/amarettinobili.it\/wp-content\/uploads\/2025\/03\/Amarene-Bianco-100x100.png 100w\" sizes=\"(max-width: 1000px) 100vw, 1000px\" \/>\t\t\t\t\t\t\t\t\t\t\t\t\t\t\t<\/div>\n\t\t\t\t<\/div>\n\t\t\t\t<\/div>\n\t\t<div class=\"elementor-element elementor-element-8e666d1 e-flex e-con-boxed e-con e-child\" data-id=\"8e666d1\" data-element_type=\"container\" data-e-type=\"container\">\n\t\t\t\t\t<div class=\"e-con-inner\">\n\t\t\t\t<div class=\"elementor-element elementor-element-e0e3705 elementor-widget elementor-widget-heading\" data-id=\"e0e3705\" data-element_type=\"widget\" data-e-type=\"widget\" data-widget_type=\"heading.default\">\n\t\t\t\t<div class=\"elementor-widget-container\">\n\t\t\t\t\t<h2 class=\"elementor-heading-title elementor-size-default\">L'AMARETTO FONDENTE E AMARENA<\/h2>\t\t\t\t<\/div>\n\t\t\t\t<\/div>\n\t\t\t\t<div class=\"elementor-element elementor-element-162de93 elementor-widget elementor-widget-text-editor\" data-id=\"162de93\" data-element_type=\"widget\" data-e-type=\"widget\" data-widget_type=\"text-editor.default\">\n\t\t\t\t<div class=\"elementor-widget-container\">\n\t\t\t\t\t\t\t\t\t<p>L&#8217;amaretto fondente e amarena \u00e8 un&#8217;ode al piacere: la dolcezza delle mandorle si fonde con l&#8217;intensit\u00e0 del cioccolato fondente e il retrogusto acidulo dell&#8217;amarena, creando un&#8217;armonia di sapori che ti trasporter\u00e0 in un mondo di pura golosit\u00e0.<\/p>\t\t\t\t\t\t\t\t<\/div>\n\t\t\t\t<\/div>\n\t\t\t\t<div class=\"elementor-element elementor-element-ab316d1 elementor-align-left elementor-hidden-desktop elementor-hidden-tablet elementor-hidden-mobile elementor-widget elementor-widget-button\" data-id=\"ab316d1\" data-element_type=\"widget\" data-e-type=\"widget\" data-widget_type=\"button.default\">\n\t\t\t\t<div class=\"elementor-widget-container\">\n\t\t\t\t\t\t\t\t\t<div class=\"elementor-button-wrapper\">\n\t\t\t\t\t<a class=\"elementor-button elementor-button-link elementor-size-sm\" href=\"http:\/\/amarettinobili.it\/prodotto\/amaretto-test\/\">\n\t\t\t\t\t\t<span class=\"elementor-button-content-wrapper\">\n\t\t\t\t\t\t\t\t\t<span class=\"elementor-button-text\">Acquista ora<\/span>\n\t\t\t\t\t<\/span>\n\t\t\t\t\t<\/a>\n\t\t\t\t<\/div>\n\t\t\t\t\t\t\t\t<\/div>\n\t\t\t\t<\/div>\n\t\t\t\t\t<\/div>\n\t\t\t\t<\/div>\n\t\t\t\t<\/div>\n\t\t<div class=\"elementor-element elementor-element-259644e e-con-full elementor-hidden-desktop e-flex e-con e-parent\" data-id=\"259644e\" data-element_type=\"container\" data-e-type=\"container\" data-settings=\"{&quot;background_background&quot;:&quot;classic&quot;}\">\n\t\t<div class=\"elementor-element elementor-element-f176fcf e-con-full e-flex e-con e-child\" data-id=\"f176fcf\" data-element_type=\"container\" data-e-type=\"container\">\n\t\t\t\t<div class=\"elementor-element elementor-element-ed8ac07 elementor-widget elementor-widget-image\" data-id=\"ed8ac07\" data-element_type=\"widget\" data-e-type=\"widget\" data-widget_type=\"image.default\">\n\t\t\t\t<div class=\"elementor-widget-container\">\n\t\t\t\t\t\t\t\t\t\t\t\t\t\t\t<img fetchpriority=\"high\" decoding=\"async\" width=\"1000\" height=\"1000\" src=\"https:\/\/amarettinobili.it\/wp-content\/uploads\/2025\/03\/Amarene-Bianco.png\" class=\"attachment-full size-full wp-image-2414\" alt=\"\" srcset=\"https:\/\/amarettinobili.it\/wp-content\/uploads\/2025\/03\/Amarene-Bianco.png 1000w, https:\/\/amarettinobili.it\/wp-content\/uploads\/2025\/03\/Amarene-Bianco-300x300.png 300w, https:\/\/amarettinobili.it\/wp-content\/uploads\/2025\/03\/Amarene-Bianco-150x150.png 150w, https:\/\/amarettinobili.it\/wp-content\/uploads\/2025\/03\/Amarene-Bianco-768x768.png 768w, https:\/\/amarettinobili.it\/wp-content\/uploads\/2025\/03\/Amarene-Bianco-12x12.png 12w, https:\/\/amarettinobili.it\/wp-content\/uploads\/2025\/03\/Amarene-Bianco-600x600.png 600w, https:\/\/amarettinobili.it\/wp-content\/uploads\/2025\/03\/Amarene-Bianco-100x100.png 100w\" sizes=\"(max-width: 1000px) 100vw, 1000px\" \/>\t\t\t\t\t\t\t\t\t\t\t\t\t\t\t<\/div>\n\t\t\t\t<\/div>\n\t\t\t\t<\/div>\n\t\t<div class=\"elementor-element elementor-element-005aaa3 e-flex e-con-boxed e-con e-child\" data-id=\"005aaa3\" data-element_type=\"container\" data-e-type=\"container\">\n\t\t\t\t\t<div class=\"e-con-inner\">\n\t\t\t\t<div class=\"elementor-element elementor-element-0639abd elementor-widget elementor-widget-heading\" data-id=\"0639abd\" data-element_type=\"widget\" data-e-type=\"widget\" data-widget_type=\"heading.default\">\n\t\t\t\t<div class=\"elementor-widget-container\">\n\t\t\t\t\t<h2 class=\"elementor-heading-title elementor-size-default\">FONDENTE E AMARENA<\/h2>\t\t\t\t<\/div>\n\t\t\t\t<\/div>\n\t\t\t\t<div class=\"elementor-element elementor-element-c2862f8 elementor-widget elementor-widget-text-editor\" data-id=\"c2862f8\" data-element_type=\"widget\" data-e-type=\"widget\" data-widget_type=\"text-editor.default\">\n\t\t\t\t<div class=\"elementor-widget-container\">\n\t\t\t\t\t\t\t\t\t<p>Amaretto con cioccolato fondente e amarene. Lorem ipsum dolor sit amet, consectetur adipiscing elit, sed do eiusmod consectetur adipiscing elit, sed do eiusmod\u00a0tempor incididunt ut labore et dolore magna aliqua.\u00a0<\/p>\t\t\t\t\t\t\t\t<\/div>\n\t\t\t\t<\/div>\n\t\t\t\t<div class=\"elementor-element elementor-element-99bc18f elementor-align-left elementor-hidden-desktop elementor-hidden-tablet elementor-hidden-mobile elementor-widget elementor-widget-button\" data-id=\"99bc18f\" data-element_type=\"widget\" data-e-type=\"widget\" data-widget_type=\"button.default\">\n\t\t\t\t<div class=\"elementor-widget-container\">\n\t\t\t\t\t\t\t\t\t<div class=\"elementor-button-wrapper\">\n\t\t\t\t\t<a class=\"elementor-button elementor-button-link elementor-size-sm\" href=\"http:\/\/amarettinobili.it\/prodotto\/amaretto-test\/\">\n\t\t\t\t\t\t<span class=\"elementor-button-content-wrapper\">\n\t\t\t\t\t\t\t\t\t<span class=\"elementor-button-text\">Acquista ora<\/span>\n\t\t\t\t\t<\/span>\n\t\t\t\t\t<\/a>\n\t\t\t\t<\/div>\n\t\t\t\t\t\t\t\t<\/div>\n\t\t\t\t<\/div>\n\t\t\t\t\t<\/div>\n\t\t\t\t<\/div>\n\t\t\t\t<\/div>\n\t\t<div class=\"elementor-element elementor-element-a1a9206 e-con-full elementor-hidden-tablet elementor-hidden-mobile e-flex e-con e-parent\" data-id=\"a1a9206\" data-element_type=\"container\" data-e-type=\"container\" data-settings=\"{&quot;background_background&quot;:&quot;classic&quot;}\">\n\t\t<div class=\"elementor-element elementor-element-34fdc89 e-con-full e-flex e-con e-child\" data-id=\"34fdc89\" data-element_type=\"container\" data-e-type=\"container\">\n\t\t\t\t<div class=\"elementor-element elementor-element-94b7ca2 elementor-widget elementor-widget-heading\" data-id=\"94b7ca2\" data-element_type=\"widget\" data-e-type=\"widget\" data-widget_type=\"heading.default\">\n\t\t\t\t<div class=\"elementor-widget-container\">\n\t\t\t\t\t<h2 class=\"elementor-heading-title elementor-size-default\">L' AMARETTO NOBILE<\/h2>\t\t\t\t<\/div>\n\t\t\t\t<\/div>\n\t\t\t\t<div class=\"elementor-element elementor-element-bc707ea elementor-widget elementor-widget-text-editor\" data-id=\"bc707ea\" data-element_type=\"widget\" data-e-type=\"widget\" data-widget_type=\"text-editor.default\">\n\t\t\t\t<div class=\"elementor-widget-container\">\n\t\t\t\t\t\t\t\t\t<p>Il cuore morbido di ogni creazione Nobili \u00e8 il tradizionale amaretto di Mombaruzzo: un <strong>delicato<\/strong> <strong>contrasto<\/strong> tra le note al latte delle mandorle e l\u2019amaro delle mandorle armelline.<\/p><p>A questo tesoro aggiungiamo <strong>ingredienti<\/strong> <strong>unici<\/strong>, selezionati con cura per la loro qualit\u00e0 e lavorati secondo ricette innovative, per creare combinazioni originali e sorprendenti.<\/p><p>Ogni amaretto \u00e8 sapientemente lavorato con passione. Non contiene n\u00e9 farine n\u00e9 lieviti, e viene prodotto utilizzando esclusivamente albumi di uova provenienti da galline allevate a terra. Per questo, ogni nostra creazione \u00e8 naturalmente\u00a0 <strong>senza glutine<\/strong> e <strong>senza agenti lievitanti<\/strong>.<\/p>\t\t\t\t\t\t\t\t<\/div>\n\t\t\t\t<\/div>\n\t\t\t\t<\/div>\n\t\t<div class=\"elementor-element elementor-element-52855ef e-flex e-con-boxed e-con e-child\" data-id=\"52855ef\" data-element_type=\"container\" data-e-type=\"container\">\n\t\t\t\t\t<div class=\"e-con-inner\">\n\t\t\t\t<div class=\"elementor-element elementor-element-c37a807 elementor-widget elementor-widget-image\" data-id=\"c37a807\" data-element_type=\"widget\" data-e-type=\"widget\" data-settings=\"{&quot;motion_fx_motion_fx_scrolling&quot;:&quot;yes&quot;,&quot;motion_fx_translateX_effect&quot;:&quot;yes&quot;,&quot;motion_fx_translateX_affectedRange&quot;:{&quot;unit&quot;:&quot;%&quot;,&quot;size&quot;:&quot;&quot;,&quot;sizes&quot;:{&quot;start&quot;:1,&quot;end&quot;:50}},&quot;motion_fx_translateX_speed&quot;:{&quot;unit&quot;:&quot;px&quot;,&quot;size&quot;:4,&quot;sizes&quot;:[]},&quot;motion_fx_devices&quot;:[&quot;desktop&quot;,&quot;tablet&quot;,&quot;mobile&quot;]}\" data-widget_type=\"image.default\">\n\t\t\t\t<div class=\"elementor-widget-container\">\n\t\t\t\t\t\t\t\t\t\t\t\t\t\t\t<img decoding=\"async\" width=\"1920\" height=\"1280\" src=\"https:\/\/amarettinobili.it\/wp-content\/uploads\/2024\/12\/amaretto-mombaruzzo.png\" class=\"attachment-full size-full wp-image-1977\" alt=\"\" srcset=\"https:\/\/amarettinobili.it\/wp-content\/uploads\/2024\/12\/amaretto-mombaruzzo.png 1920w, https:\/\/amarettinobili.it\/wp-content\/uploads\/2024\/12\/amaretto-mombaruzzo-300x200.png 300w, https:\/\/amarettinobili.it\/wp-content\/uploads\/2024\/12\/amaretto-mombaruzzo-1024x683.png 1024w, https:\/\/amarettinobili.it\/wp-content\/uploads\/2024\/12\/amaretto-mombaruzzo-768x512.png 768w, https:\/\/amarettinobili.it\/wp-content\/uploads\/2024\/12\/amaretto-mombaruzzo-1536x1024.png 1536w, https:\/\/amarettinobili.it\/wp-content\/uploads\/2024\/12\/amaretto-mombaruzzo-600x400.png 600w\" sizes=\"(max-width: 1920px) 100vw, 1920px\" \/>\t\t\t\t\t\t\t\t\t\t\t\t\t\t\t<\/div>\n\t\t\t\t<\/div>\n\t\t\t\t\t<\/div>\n\t\t\t\t<\/div>\n\t\t\t\t<\/div>\n\t\t<div class=\"elementor-element elementor-element-0811bd6 e-con-full elementor-hidden-desktop e-flex e-con e-parent\" data-id=\"0811bd6\" data-element_type=\"container\" data-e-type=\"container\" data-settings=\"{&quot;background_background&quot;:&quot;classic&quot;}\">\n\t\t<div class=\"elementor-element elementor-element-1322d3e e-flex e-con-boxed e-con e-child\" data-id=\"1322d3e\" data-element_type=\"container\" data-e-type=\"container\" data-settings=\"{&quot;animation_mobile&quot;:&quot;fadeInRight&quot;}\">\n\t\t\t\t\t<div class=\"e-con-inner\">\n\t\t\t\t<div class=\"elementor-element elementor-element-cf58fb2 elementor-widget elementor-widget-image\" data-id=\"cf58fb2\" data-element_type=\"widget\" data-e-type=\"widget\" data-settings=\"{&quot;motion_fx_motion_fx_scrolling&quot;:&quot;yes&quot;,&quot;motion_fx_devices&quot;:[&quot;desktop&quot;,&quot;tablet&quot;,&quot;mobile&quot;]}\" data-widget_type=\"image.default\">\n\t\t\t\t<div class=\"elementor-widget-container\">\n\t\t\t\t\t\t\t\t\t\t\t\t\t\t\t<img decoding=\"async\" width=\"1920\" height=\"1280\" src=\"https:\/\/amarettinobili.it\/wp-content\/uploads\/2024\/12\/amaretto-mombaruzzo.png\" class=\"attachment-full size-full wp-image-1977\" alt=\"\" srcset=\"https:\/\/amarettinobili.it\/wp-content\/uploads\/2024\/12\/amaretto-mombaruzzo.png 1920w, https:\/\/amarettinobili.it\/wp-content\/uploads\/2024\/12\/amaretto-mombaruzzo-300x200.png 300w, https:\/\/amarettinobili.it\/wp-content\/uploads\/2024\/12\/amaretto-mombaruzzo-1024x683.png 1024w, https:\/\/amarettinobili.it\/wp-content\/uploads\/2024\/12\/amaretto-mombaruzzo-768x512.png 768w, https:\/\/amarettinobili.it\/wp-content\/uploads\/2024\/12\/amaretto-mombaruzzo-1536x1024.png 1536w, https:\/\/amarettinobili.it\/wp-content\/uploads\/2024\/12\/amaretto-mombaruzzo-600x400.png 600w\" sizes=\"(max-width: 1920px) 100vw, 1920px\" \/>\t\t\t\t\t\t\t\t\t\t\t\t\t\t\t<\/div>\n\t\t\t\t<\/div>\n\t\t\t\t\t<\/div>\n\t\t\t\t<\/div>\n\t\t<div class=\"elementor-element elementor-element-1e87af1 e-con-full e-flex e-con e-child\" data-id=\"1e87af1\" data-element_type=\"container\" data-e-type=\"container\">\n\t\t\t\t<div class=\"elementor-element elementor-element-8985d93 elementor-widget elementor-widget-heading\" data-id=\"8985d93\" data-element_type=\"widget\" data-e-type=\"widget\" data-widget_type=\"heading.default\">\n\t\t\t\t<div class=\"elementor-widget-container\">\n\t\t\t\t\t<h2 class=\"elementor-heading-title elementor-size-default\">AMARETTO NOBILE<\/h2>\t\t\t\t<\/div>\n\t\t\t\t<\/div>\n\t\t\t\t<div class=\"elementor-element elementor-element-ad793e7 elementor-widget elementor-widget-text-editor\" data-id=\"ad793e7\" data-element_type=\"widget\" data-e-type=\"widget\" data-widget_type=\"text-editor.default\">\n\t\t\t\t<div class=\"elementor-widget-container\">\n\t\t\t\t\t\t\t\t\t<p>L&#8217;amaretto fondente e amarena \u00e8 un&#8217;<strong>ode al piacere<\/strong>:<br \/>la dolcezza delle mandorle si fonde con l&#8217;intensit\u00e0 del cioccolato fondente e l&#8217;acidulit\u00e0 dell&#8217;amarena, creando un&#8217;armonia di sapori che ti trasporter\u00e0 in un mondo di pura golosit\u00e0.<\/p><p>Naturalmente <strong>senza glutine<\/strong> e <strong>senza agenti lievitanti<\/strong>.<\/p>\t\t\t\t\t\t\t\t<\/div>\n\t\t\t\t<\/div>\n\t\t\t\t<\/div>\n\t\t\t\t<\/div>\n\t\t<div class=\"elementor-element elementor-element-5a568a2 e-con-full elementor-hidden-tablet elementor-hidden-mobile e-flex e-con e-parent\" data-id=\"5a568a2\" data-element_type=\"container\" data-e-type=\"container\" data-settings=\"{&quot;background_background&quot;:&quot;classic&quot;}\">\n\t\t<div class=\"elementor-element elementor-element-75ce1df e-con-full animated-slow e-flex elementor-invisible e-con e-child\" data-id=\"75ce1df\" data-element_type=\"container\" data-e-type=\"container\" data-settings=\"{&quot;animation&quot;:&quot;fadeInLeft&quot;}\">\n\t\t\t\t<div class=\"elementor-element elementor-element-994ba64 elementor-widget elementor-widget-image\" data-id=\"994ba64\" data-element_type=\"widget\" data-e-type=\"widget\" data-widget_type=\"image.default\">\n\t\t\t\t<div class=\"elementor-widget-container\">\n\t\t\t\t\t\t\t\t\t\t\t\t\t\t\t<img decoding=\"async\" width=\"1600\" height=\"1600\" src=\"https:\/\/amarettinobili.it\/wp-content\/uploads\/2024\/10\/amaretti-cioccolato-e-amarena-fava-di-cacao-compressor.png\" class=\"attachment-full size-full wp-image-453\" alt=\"\" srcset=\"https:\/\/amarettinobili.it\/wp-content\/uploads\/2024\/10\/amaretti-cioccolato-e-amarena-fava-di-cacao-compressor.png 1600w, https:\/\/amarettinobili.it\/wp-content\/uploads\/2024\/10\/amaretti-cioccolato-e-amarena-fava-di-cacao-compressor-300x300.png 300w, https:\/\/amarettinobili.it\/wp-content\/uploads\/2024\/10\/amaretti-cioccolato-e-amarena-fava-di-cacao-compressor-1024x1024.png 1024w, https:\/\/amarettinobili.it\/wp-content\/uploads\/2024\/10\/amaretti-cioccolato-e-amarena-fava-di-cacao-compressor-150x150.png 150w, https:\/\/amarettinobili.it\/wp-content\/uploads\/2024\/10\/amaretti-cioccolato-e-amarena-fava-di-cacao-compressor-768x768.png 768w, https:\/\/amarettinobili.it\/wp-content\/uploads\/2024\/10\/amaretti-cioccolato-e-amarena-fava-di-cacao-compressor-1536x1536.png 1536w, https:\/\/amarettinobili.it\/wp-content\/uploads\/2024\/10\/amaretti-cioccolato-e-amarena-fava-di-cacao-compressor-600x600.png 600w, https:\/\/amarettinobili.it\/wp-content\/uploads\/2024\/10\/amaretti-cioccolato-e-amarena-fava-di-cacao-compressor-100x100.png 100w\" sizes=\"(max-width: 1600px) 100vw, 1600px\" \/>\t\t\t\t\t\t\t\t\t\t\t\t\t\t\t<\/div>\n\t\t\t\t<\/div>\n\t\t\t\t<\/div>\n\t\t<div class=\"elementor-element elementor-element-580c205 e-flex e-con-boxed e-con e-child\" data-id=\"580c205\" data-element_type=\"container\" data-e-type=\"container\">\n\t\t\t\t\t<div class=\"e-con-inner\">\n\t\t\t\t<div class=\"elementor-element elementor-element-03b8a96 elementor-widget elementor-widget-heading\" data-id=\"03b8a96\" data-element_type=\"widget\" data-e-type=\"widget\" data-widget_type=\"heading.default\">\n\t\t\t\t<div class=\"elementor-widget-container\">\n\t\t\t\t\t<h2 class=\"elementor-heading-title elementor-size-default\">CIOCCOLATO FONDENTE<\/h2>\t\t\t\t<\/div>\n\t\t\t\t<\/div>\n\t\t\t\t<div class=\"elementor-element elementor-element-843065b elementor-widget elementor-widget-text-editor\" data-id=\"843065b\" data-element_type=\"widget\" data-e-type=\"widget\" data-widget_type=\"text-editor.default\">\n\t\t\t\t<div class=\"elementor-widget-container\">\n\t\t\t\t\t\t\t\t\t<p>L\u2019amaretto fondente e amarena \u00e8 ricoperto da una delicata velatura di cioccolato fondente dal sapore ricco e intenso.<\/p><p>E&#8217; stato selezionato un cacao dalle note amare e tostate per <strong>esaltare il contrasto<\/strong> con quelle acidule dell\u2019amarena e rivelare un&#8217;esperienza gustativa complessa e profonda.<\/p><p>La sua intensit\u00e0 e la sua nota amara, espressione di <strong>purezza del cacao<\/strong>, sono sapientemente bilanciate, creando un&#8217;armonia di sapori inaspettata che avvolge il palato in un morbido abbraccio.<\/p>\t\t\t\t\t\t\t\t<\/div>\n\t\t\t\t<\/div>\n\t\t\t\t\t<\/div>\n\t\t\t\t<\/div>\n\t\t\t\t<\/div>\n\t\t<div class=\"elementor-element elementor-element-f57cf0a e-con-full elementor-hidden-desktop e-flex e-con e-parent\" data-id=\"f57cf0a\" data-element_type=\"container\" data-e-type=\"container\" data-settings=\"{&quot;background_background&quot;:&quot;classic&quot;}\">\n\t\t<div class=\"elementor-element elementor-element-ec37cae e-con-full e-flex e-con e-child\" data-id=\"ec37cae\" data-element_type=\"container\" data-e-type=\"container\" data-settings=\"{&quot;animation_mobile&quot;:&quot;fadeInLeft&quot;}\">\n\t\t\t\t<div class=\"elementor-element elementor-element-ab2f956 elementor-widget elementor-widget-image\" data-id=\"ab2f956\" data-element_type=\"widget\" data-e-type=\"widget\" data-widget_type=\"image.default\">\n\t\t\t\t<div class=\"elementor-widget-container\">\n\t\t\t\t\t\t\t\t\t\t\t\t\t\t\t<img decoding=\"async\" width=\"1600\" height=\"1600\" src=\"https:\/\/amarettinobili.it\/wp-content\/uploads\/2024\/10\/amaretti-cioccolato-e-amarena-fava-di-cacao-compressor.png\" class=\"attachment-full size-full wp-image-453\" alt=\"\" srcset=\"https:\/\/amarettinobili.it\/wp-content\/uploads\/2024\/10\/amaretti-cioccolato-e-amarena-fava-di-cacao-compressor.png 1600w, https:\/\/amarettinobili.it\/wp-content\/uploads\/2024\/10\/amaretti-cioccolato-e-amarena-fava-di-cacao-compressor-300x300.png 300w, https:\/\/amarettinobili.it\/wp-content\/uploads\/2024\/10\/amaretti-cioccolato-e-amarena-fava-di-cacao-compressor-1024x1024.png 1024w, https:\/\/amarettinobili.it\/wp-content\/uploads\/2024\/10\/amaretti-cioccolato-e-amarena-fava-di-cacao-compressor-150x150.png 150w, https:\/\/amarettinobili.it\/wp-content\/uploads\/2024\/10\/amaretti-cioccolato-e-amarena-fava-di-cacao-compressor-768x768.png 768w, https:\/\/amarettinobili.it\/wp-content\/uploads\/2024\/10\/amaretti-cioccolato-e-amarena-fava-di-cacao-compressor-1536x1536.png 1536w, https:\/\/amarettinobili.it\/wp-content\/uploads\/2024\/10\/amaretti-cioccolato-e-amarena-fava-di-cacao-compressor-600x600.png 600w, https:\/\/amarettinobili.it\/wp-content\/uploads\/2024\/10\/amaretti-cioccolato-e-amarena-fava-di-cacao-compressor-100x100.png 100w\" sizes=\"(max-width: 1600px) 100vw, 1600px\" \/>\t\t\t\t\t\t\t\t\t\t\t\t\t\t\t<\/div>\n\t\t\t\t<\/div>\n\t\t\t\t<\/div>\n\t\t<div class=\"elementor-element elementor-element-1c9fe0b e-flex e-con-boxed e-con e-child\" data-id=\"1c9fe0b\" data-element_type=\"container\" data-e-type=\"container\">\n\t\t\t\t\t<div class=\"e-con-inner\">\n\t\t\t\t<div class=\"elementor-element elementor-element-b74cee0 elementor-widget elementor-widget-heading\" data-id=\"b74cee0\" data-element_type=\"widget\" data-e-type=\"widget\" data-widget_type=\"heading.default\">\n\t\t\t\t<div class=\"elementor-widget-container\">\n\t\t\t\t\t<h2 class=\"elementor-heading-title elementor-size-default\">CIOCCOLATO FONDENTE<\/h2>\t\t\t\t<\/div>\n\t\t\t\t<\/div>\n\t\t\t\t<div class=\"elementor-element elementor-element-e86f868 elementor-widget elementor-widget-text-editor\" data-id=\"e86f868\" data-element_type=\"widget\" data-e-type=\"widget\" data-widget_type=\"text-editor.default\">\n\t\t\t\t<div class=\"elementor-widget-container\">\n\t\t\t\t\t\t\t\t\t<p>Un cioccolato ricco e intenso, con note amare e tostate che variano in base alla percentuale di cacao, offrendo un gusto complesso e profondo.<\/p>\t\t\t\t\t\t\t\t<\/div>\n\t\t\t\t<\/div>\n\t\t\t\t\t<\/div>\n\t\t\t\t<\/div>\n\t\t\t\t<\/div>\n\t\t<div class=\"elementor-element elementor-element-943bc28 e-con-full elementor-hidden-tablet elementor-hidden-mobile e-flex e-con e-parent\" data-id=\"943bc28\" data-element_type=\"container\" data-e-type=\"container\" data-settings=\"{&quot;background_background&quot;:&quot;classic&quot;}\">\n\t\t<div class=\"elementor-element elementor-element-d70216e e-con-full e-flex e-con e-child\" data-id=\"d70216e\" data-element_type=\"container\" data-e-type=\"container\">\n\t\t\t\t<div class=\"elementor-element elementor-element-95f0a17 elementor-widget elementor-widget-heading\" data-id=\"95f0a17\" data-element_type=\"widget\" data-e-type=\"widget\" data-widget_type=\"heading.default\">\n\t\t\t\t<div class=\"elementor-widget-container\">\n\t\t\t\t\t<h2 class=\"elementor-heading-title elementor-size-default\">L'AMARENA<\/h2>\t\t\t\t<\/div>\n\t\t\t\t<\/div>\n\t\t\t\t<div class=\"elementor-element elementor-element-482e9c1 elementor-widget elementor-widget-text-editor\" data-id=\"482e9c1\" data-element_type=\"widget\" data-e-type=\"widget\" data-widget_type=\"text-editor.default\">\n\t\t\t\t<div class=\"elementor-widget-container\">\n\t\t\t\t\t\t\t\t\t<p>Un piccolo gioiello rosso rubino, lucido e invitante. Una ciliegia dal sapore dolce e leggermente acidulo, con un profilo fruttato intenso che aggiunge freschezza e un tocco di amarognolo.<\/p><p>Piccole <strong>gemme di sciroppo<\/strong> all\u2019amarena si nascondono nel cuore morbido dell\u2019amaretto, donando un tocco di freschezza e acidit\u00e0 che si sposa alla perfezione con l\u2019intensit\u00e0 del cioccolato fondente e l\u2019amaro dell\u2019impasto.<\/p><p>Le <strong>venature di glassa<\/strong> all&#8217;amarena sulla superficie di cioccolato fondente son un invito a scoprire l&#8217;esplosione di sapori di questo delicato dolce da forno.<\/p>\t\t\t\t\t\t\t\t<\/div>\n\t\t\t\t<\/div>\n\t\t\t\t<\/div>\n\t\t<div class=\"elementor-element elementor-element-3ca0c05 animated-slow e-flex e-con-boxed elementor-invisible e-con e-child\" data-id=\"3ca0c05\" data-element_type=\"container\" data-e-type=\"container\" data-settings=\"{&quot;animation&quot;:&quot;fadeInRight&quot;}\">\n\t\t\t\t\t<div class=\"e-con-inner\">\n\t\t\t\t<div class=\"elementor-element elementor-element-da5037d elementor-widget elementor-widget-image\" data-id=\"da5037d\" data-element_type=\"widget\" data-e-type=\"widget\" data-widget_type=\"image.default\">\n\t\t\t\t<div class=\"elementor-widget-container\">\n\t\t\t\t\t\t\t\t\t\t\t\t\t\t\t<img loading=\"lazy\" decoding=\"async\" width=\"800\" height=\"800\" src=\"https:\/\/amarettinobili.it\/wp-content\/uploads\/2024\/11\/1-amarene-1024x1024.png\" class=\"attachment-large size-large wp-image-950\" alt=\"\" srcset=\"https:\/\/amarettinobili.it\/wp-content\/uploads\/2024\/11\/1-amarene-1024x1024.png 1024w, https:\/\/amarettinobili.it\/wp-content\/uploads\/2024\/11\/1-amarene-300x300.png 300w, https:\/\/amarettinobili.it\/wp-content\/uploads\/2024\/11\/1-amarene-150x150.png 150w, https:\/\/amarettinobili.it\/wp-content\/uploads\/2024\/11\/1-amarene-768x768.png 768w, https:\/\/amarettinobili.it\/wp-content\/uploads\/2024\/11\/1-amarene-1536x1536.png 1536w, https:\/\/amarettinobili.it\/wp-content\/uploads\/2024\/11\/1-amarene-600x600.png 600w, https:\/\/amarettinobili.it\/wp-content\/uploads\/2024\/11\/1-amarene-100x100.png 100w, https:\/\/amarettinobili.it\/wp-content\/uploads\/2024\/11\/1-amarene.png 2000w\" sizes=\"(max-width: 800px) 100vw, 800px\" \/>\t\t\t\t\t\t\t\t\t\t\t\t\t\t\t<\/div>\n\t\t\t\t<\/div>\n\t\t\t\t\t<\/div>\n\t\t\t\t<\/div>\n\t\t\t\t<\/div>\n\t\t<div class=\"elementor-element elementor-element-c5f037a e-con-full elementor-hidden-desktop e-flex e-con e-parent\" data-id=\"c5f037a\" data-element_type=\"container\" data-e-type=\"container\" data-settings=\"{&quot;background_background&quot;:&quot;classic&quot;}\">\n\t\t<div class=\"elementor-element elementor-element-347426c e-flex e-con-boxed e-con e-child\" data-id=\"347426c\" data-element_type=\"container\" data-e-type=\"container\" data-settings=\"{&quot;animation_mobile&quot;:&quot;fadeInRight&quot;}\">\n\t\t\t\t\t<div class=\"e-con-inner\">\n\t\t\t\t<div class=\"elementor-element elementor-element-037d0f0 elementor-widget elementor-widget-image\" data-id=\"037d0f0\" data-element_type=\"widget\" data-e-type=\"widget\" data-widget_type=\"image.default\">\n\t\t\t\t<div class=\"elementor-widget-container\">\n\t\t\t\t\t\t\t\t\t\t\t\t\t\t\t<img loading=\"lazy\" decoding=\"async\" width=\"800\" height=\"800\" src=\"https:\/\/amarettinobili.it\/wp-content\/uploads\/2024\/11\/1-amarene-1024x1024.png\" class=\"attachment-large size-large wp-image-950\" alt=\"\" srcset=\"https:\/\/amarettinobili.it\/wp-content\/uploads\/2024\/11\/1-amarene-1024x1024.png 1024w, https:\/\/amarettinobili.it\/wp-content\/uploads\/2024\/11\/1-amarene-300x300.png 300w, https:\/\/amarettinobili.it\/wp-content\/uploads\/2024\/11\/1-amarene-150x150.png 150w, https:\/\/amarettinobili.it\/wp-content\/uploads\/2024\/11\/1-amarene-768x768.png 768w, https:\/\/amarettinobili.it\/wp-content\/uploads\/2024\/11\/1-amarene-1536x1536.png 1536w, https:\/\/amarettinobili.it\/wp-content\/uploads\/2024\/11\/1-amarene-600x600.png 600w, https:\/\/amarettinobili.it\/wp-content\/uploads\/2024\/11\/1-amarene-100x100.png 100w, https:\/\/amarettinobili.it\/wp-content\/uploads\/2024\/11\/1-amarene.png 2000w\" sizes=\"(max-width: 800px) 100vw, 800px\" \/>\t\t\t\t\t\t\t\t\t\t\t\t\t\t\t<\/div>\n\t\t\t\t<\/div>\n\t\t\t\t\t<\/div>\n\t\t\t\t<\/div>\n\t\t<div class=\"elementor-element elementor-element-353eec1 e-con-full e-flex e-con e-child\" data-id=\"353eec1\" data-element_type=\"container\" data-e-type=\"container\">\n\t\t\t\t<div class=\"elementor-element elementor-element-e787b62 elementor-widget elementor-widget-heading\" data-id=\"e787b62\" data-element_type=\"widget\" data-e-type=\"widget\" data-widget_type=\"heading.default\">\n\t\t\t\t<div class=\"elementor-widget-container\">\n\t\t\t\t\t<h2 class=\"elementor-heading-title elementor-size-default\">AMARENA<\/h2>\t\t\t\t<\/div>\n\t\t\t\t<\/div>\n\t\t\t\t<div class=\"elementor-element elementor-element-b246a2c elementor-widget elementor-widget-text-editor\" data-id=\"b246a2c\" data-element_type=\"widget\" data-e-type=\"widget\" data-widget_type=\"text-editor.default\">\n\t\t\t\t<div class=\"elementor-widget-container\">\n\t\t\t\t\t\t\t\t\t<p>Una ciliegia dal sapore dolce e leggermente acidulo, con un profilo fruttato intenso che aggiunge freschezza e un tocco di amarognolo.<\/p>\t\t\t\t\t\t\t\t<\/div>\n\t\t\t\t<\/div>\n\t\t\t\t<\/div>\n\t\t\t\t<\/div>\n\t\t<div class=\"elementor-element elementor-element-7a70dd8 e-con-full elementor-hidden-tablet elementor-hidden-mobile e-flex e-con e-parent\" data-id=\"7a70dd8\" data-element_type=\"container\" data-e-type=\"container\" data-settings=\"{&quot;background_background&quot;:&quot;classic&quot;}\">\n\t\t<div class=\"elementor-element elementor-element-9ba37ef e-con-full animated-slow e-flex elementor-invisible e-con e-child\" data-id=\"9ba37ef\" data-element_type=\"container\" data-e-type=\"container\" data-settings=\"{&quot;animation&quot;:&quot;fadeInLeft&quot;}\">\n\t\t\t\t<div class=\"elementor-element elementor-element-456b347 elementor-widget elementor-widget-image\" data-id=\"456b347\" data-element_type=\"widget\" data-e-type=\"widget\" data-widget_type=\"image.default\">\n\t\t\t\t<div class=\"elementor-widget-container\">\n\t\t\t\t\t\t\t\t\t\t\t\t\t\t\t<img loading=\"lazy\" decoding=\"async\" width=\"1600\" height=\"1600\" src=\"https:\/\/amarettinobili.it\/wp-content\/uploads\/2024\/10\/amaretti-cioccolato-e-amarena-mandorle-compressor.png\" class=\"attachment-full size-full wp-image-452\" alt=\"\" srcset=\"https:\/\/amarettinobili.it\/wp-content\/uploads\/2024\/10\/amaretti-cioccolato-e-amarena-mandorle-compressor.png 1600w, https:\/\/amarettinobili.it\/wp-content\/uploads\/2024\/10\/amaretti-cioccolato-e-amarena-mandorle-compressor-300x300.png 300w, https:\/\/amarettinobili.it\/wp-content\/uploads\/2024\/10\/amaretti-cioccolato-e-amarena-mandorle-compressor-1024x1024.png 1024w, https:\/\/amarettinobili.it\/wp-content\/uploads\/2024\/10\/amaretti-cioccolato-e-amarena-mandorle-compressor-150x150.png 150w, https:\/\/amarettinobili.it\/wp-content\/uploads\/2024\/10\/amaretti-cioccolato-e-amarena-mandorle-compressor-768x768.png 768w, https:\/\/amarettinobili.it\/wp-content\/uploads\/2024\/10\/amaretti-cioccolato-e-amarena-mandorle-compressor-1536x1536.png 1536w, https:\/\/amarettinobili.it\/wp-content\/uploads\/2024\/10\/amaretti-cioccolato-e-amarena-mandorle-compressor-600x600.png 600w, https:\/\/amarettinobili.it\/wp-content\/uploads\/2024\/10\/amaretti-cioccolato-e-amarena-mandorle-compressor-100x100.png 100w\" sizes=\"(max-width: 1600px) 100vw, 1600px\" \/>\t\t\t\t\t\t\t\t\t\t\t\t\t\t\t<\/div>\n\t\t\t\t<\/div>\n\t\t\t\t<\/div>\n\t\t<div class=\"elementor-element elementor-element-725149e e-flex e-con-boxed e-con e-child\" data-id=\"725149e\" data-element_type=\"container\" data-e-type=\"container\">\n\t\t\t\t\t<div class=\"e-con-inner\">\n\t\t\t\t<div class=\"elementor-element elementor-element-55886fc elementor-widget elementor-widget-heading\" data-id=\"55886fc\" data-element_type=\"widget\" data-e-type=\"widget\" data-widget_type=\"heading.default\">\n\t\t\t\t<div class=\"elementor-widget-container\">\n\t\t\t\t\t<h2 class=\"elementor-heading-title elementor-size-default\">LE MANDORLE<\/h2>\t\t\t\t<\/div>\n\t\t\t\t<\/div>\n\t\t\t\t<div class=\"elementor-element elementor-element-30494e2 elementor-widget elementor-widget-text-editor\" data-id=\"30494e2\" data-element_type=\"widget\" data-e-type=\"widget\" data-widget_type=\"text-editor.default\">\n\t\t\t\t<div class=\"elementor-widget-container\">\n\t\t\t\t\t\t\t\t\t<p>La <strong>mandorla dolce<\/strong>, con\u00a0 il sapore latteo e delicato, \u00e8 l&#8217;anima dolce dell&#8217;amaretto. La sua presenza avvolge il palato in un abbraccio morbido e confortevole, donando all&#8217;amaretto, una nota cremosa e invitante.<\/p><p>La <strong>mandorla armellina<\/strong>, tipica di questo tradizionale dolce piemontese aggiunge invece le note pi\u00f9 amare ed intense.\u00a0<\/p><p>L&#8217;incontro tra il dolce della mandorla e l&#8217;amaro dell&#8217;armellina crea\u00a0 un contrasto affascinante. Un armonioso e misterioso equilibrio di sapori che si rivela morso dopo morso.<\/p>\t\t\t\t\t\t\t\t<\/div>\n\t\t\t\t<\/div>\n\t\t\t\t\t<\/div>\n\t\t\t\t<\/div>\n\t\t\t\t<\/div>\n\t\t<div class=\"elementor-element elementor-element-a2ac0d1 e-con-full elementor-hidden-desktop e-flex e-con e-parent\" data-id=\"a2ac0d1\" data-element_type=\"container\" data-e-type=\"container\" data-settings=\"{&quot;background_background&quot;:&quot;classic&quot;}\">\n\t\t<div class=\"elementor-element elementor-element-10ed8f3 e-con-full e-flex e-con e-child\" data-id=\"10ed8f3\" data-element_type=\"container\" data-e-type=\"container\" data-settings=\"{&quot;animation_mobile&quot;:&quot;fadeInLeft&quot;}\">\n\t\t\t\t<div class=\"elementor-element elementor-element-c52a7ae elementor-widget elementor-widget-image\" data-id=\"c52a7ae\" data-element_type=\"widget\" data-e-type=\"widget\" data-widget_type=\"image.default\">\n\t\t\t\t<div class=\"elementor-widget-container\">\n\t\t\t\t\t\t\t\t\t\t\t\t\t\t\t<img loading=\"lazy\" decoding=\"async\" width=\"1600\" height=\"1600\" src=\"https:\/\/amarettinobili.it\/wp-content\/uploads\/2024\/10\/amaretti-cioccolato-e-amarena-mandorle-compressor.png\" class=\"attachment-full size-full wp-image-452\" alt=\"\" srcset=\"https:\/\/amarettinobili.it\/wp-content\/uploads\/2024\/10\/amaretti-cioccolato-e-amarena-mandorle-compressor.png 1600w, https:\/\/amarettinobili.it\/wp-content\/uploads\/2024\/10\/amaretti-cioccolato-e-amarena-mandorle-compressor-300x300.png 300w, https:\/\/amarettinobili.it\/wp-content\/uploads\/2024\/10\/amaretti-cioccolato-e-amarena-mandorle-compressor-1024x1024.png 1024w, https:\/\/amarettinobili.it\/wp-content\/uploads\/2024\/10\/amaretti-cioccolato-e-amarena-mandorle-compressor-150x150.png 150w, https:\/\/amarettinobili.it\/wp-content\/uploads\/2024\/10\/amaretti-cioccolato-e-amarena-mandorle-compressor-768x768.png 768w, https:\/\/amarettinobili.it\/wp-content\/uploads\/2024\/10\/amaretti-cioccolato-e-amarena-mandorle-compressor-1536x1536.png 1536w, https:\/\/amarettinobili.it\/wp-content\/uploads\/2024\/10\/amaretti-cioccolato-e-amarena-mandorle-compressor-600x600.png 600w, https:\/\/amarettinobili.it\/wp-content\/uploads\/2024\/10\/amaretti-cioccolato-e-amarena-mandorle-compressor-100x100.png 100w\" sizes=\"(max-width: 1600px) 100vw, 1600px\" \/>\t\t\t\t\t\t\t\t\t\t\t\t\t\t\t<\/div>\n\t\t\t\t<\/div>\n\t\t\t\t<\/div>\n\t\t<div class=\"elementor-element elementor-element-a036a4e e-flex e-con-boxed e-con e-child\" data-id=\"a036a4e\" data-element_type=\"container\" data-e-type=\"container\">\n\t\t\t\t\t<div class=\"e-con-inner\">\n\t\t\t\t<div class=\"elementor-element elementor-element-15ea8ae elementor-widget elementor-widget-heading\" data-id=\"15ea8ae\" data-element_type=\"widget\" data-e-type=\"widget\" data-widget_type=\"heading.default\">\n\t\t\t\t<div class=\"elementor-widget-container\">\n\t\t\t\t\t<h2 class=\"elementor-heading-title elementor-size-default\">MANDORLA<\/h2>\t\t\t\t<\/div>\n\t\t\t\t<\/div>\n\t\t\t\t<div class=\"elementor-element elementor-element-935f004 elementor-widget elementor-widget-text-editor\" data-id=\"935f004\" data-element_type=\"widget\" data-e-type=\"widget\" data-widget_type=\"text-editor.default\">\n\t\t\t\t<div class=\"elementor-widget-container\">\n\t\t\t\t\t\t\t\t\t<p>Un frutto secco dal sapore delicato e leggermente dolce, con una consistenza croccante. Aggiunge una nota cremosa e leggermente tostata, spesso utilizzata per bilanciare dolcezza e sapori pi\u00f9 intensi.<\/p>\t\t\t\t\t\t\t\t<\/div>\n\t\t\t\t<\/div>\n\t\t\t\t\t<\/div>\n\t\t\t\t<\/div>\n\t\t\t\t<\/div>\n\t\t<div class=\"elementor-element elementor-element-50721ed e-con-full elementor-hidden-tablet elementor-hidden-mobile e-flex e-con e-parent\" data-id=\"50721ed\" data-element_type=\"container\" data-e-type=\"container\" data-settings=\"{&quot;background_background&quot;:&quot;classic&quot;}\">\n\t\t\t\t<div class=\"elementor-element elementor-element-0e61004 elementor-widget elementor-widget-image\" data-id=\"0e61004\" data-element_type=\"widget\" data-e-type=\"widget\" data-settings=\"{&quot;motion_fx_motion_fx_scrolling&quot;:&quot;yes&quot;,&quot;motion_fx_rotateZ_effect&quot;:&quot;yes&quot;,&quot;motion_fx_rotateZ_affectedRange&quot;:{&quot;unit&quot;:&quot;%&quot;,&quot;size&quot;:&quot;&quot;,&quot;sizes&quot;:{&quot;start&quot;:0,&quot;end&quot;:50}},&quot;motion_fx_rotateZ_speed&quot;:{&quot;unit&quot;:&quot;px&quot;,&quot;size&quot;:1,&quot;sizes&quot;:[]},&quot;motion_fx_devices&quot;:[&quot;desktop&quot;,&quot;tablet&quot;,&quot;mobile&quot;]}\" data-widget_type=\"image.default\">\n\t\t\t\t<div class=\"elementor-widget-container\">\n\t\t\t\t\t\t\t\t\t\t\t\t\t\t\t<img loading=\"lazy\" decoding=\"async\" width=\"800\" height=\"800\" src=\"https:\/\/amarettinobili.it\/wp-content\/uploads\/2024\/12\/amaretti-assortiti-1024x1024.png\" class=\"attachment-large size-large wp-image-2147\" alt=\"\" srcset=\"https:\/\/amarettinobili.it\/wp-content\/uploads\/2024\/12\/amaretti-assortiti-1024x1024.png 1024w, https:\/\/amarettinobili.it\/wp-content\/uploads\/2024\/12\/amaretti-assortiti-300x300.png 300w, https:\/\/amarettinobili.it\/wp-content\/uploads\/2024\/12\/amaretti-assortiti-150x150.png 150w, https:\/\/amarettinobili.it\/wp-content\/uploads\/2024\/12\/amaretti-assortiti-768x768.png 768w, https:\/\/amarettinobili.it\/wp-content\/uploads\/2024\/12\/amaretti-assortiti-600x600.png 600w, https:\/\/amarettinobili.it\/wp-content\/uploads\/2024\/12\/amaretti-assortiti-100x100.png 100w, https:\/\/amarettinobili.it\/wp-content\/uploads\/2024\/12\/amaretti-assortiti.png 1096w\" sizes=\"(max-width: 800px) 100vw, 800px\" \/>\t\t\t\t\t\t\t\t\t\t\t\t\t\t\t<\/div>\n\t\t\t\t<\/div>\n\t\t\t\t<\/div>\n\t\t<div class=\"elementor-element elementor-element-77d9d94 e-con-full elementor-hidden-desktop e-flex e-con e-parent\" data-id=\"77d9d94\" data-element_type=\"container\" data-e-type=\"container\" data-settings=\"{&quot;background_background&quot;:&quot;classic&quot;}\">\n\t\t\t\t<div class=\"elementor-element elementor-element-ffbb299 elementor-widget elementor-widget-image\" data-id=\"ffbb299\" data-element_type=\"widget\" data-e-type=\"widget\" data-settings=\"{&quot;motion_fx_motion_fx_scrolling&quot;:&quot;yes&quot;,&quot;motion_fx_rotateZ_effect&quot;:&quot;yes&quot;,&quot;motion_fx_rotateZ_affectedRange&quot;:{&quot;unit&quot;:&quot;%&quot;,&quot;size&quot;:&quot;&quot;,&quot;sizes&quot;:{&quot;start&quot;:0,&quot;end&quot;:50}},&quot;motion_fx_rotateZ_speed&quot;:{&quot;unit&quot;:&quot;px&quot;,&quot;size&quot;:1,&quot;sizes&quot;:[]},&quot;motion_fx_devices&quot;:[&quot;desktop&quot;,&quot;tablet&quot;,&quot;mobile&quot;]}\" data-widget_type=\"image.default\">\n\t\t\t\t<div class=\"elementor-widget-container\">\n\t\t\t\t\t\t\t\t\t\t\t\t\t\t\t<img loading=\"lazy\" decoding=\"async\" width=\"800\" height=\"800\" src=\"https:\/\/amarettinobili.it\/wp-content\/uploads\/2024\/12\/amaretti-assortiti-1024x1024.png\" class=\"attachment-large size-large wp-image-2147\" alt=\"\" srcset=\"https:\/\/amarettinobili.it\/wp-content\/uploads\/2024\/12\/amaretti-assortiti-1024x1024.png 1024w, https:\/\/amarettinobili.it\/wp-content\/uploads\/2024\/12\/amaretti-assortiti-300x300.png 300w, https:\/\/amarettinobili.it\/wp-content\/uploads\/2024\/12\/amaretti-assortiti-150x150.png 150w, https:\/\/amarettinobili.it\/wp-content\/uploads\/2024\/12\/amaretti-assortiti-768x768.png 768w, https:\/\/amarettinobili.it\/wp-content\/uploads\/2024\/12\/amaretti-assortiti-600x600.png 600w, https:\/\/amarettinobili.it\/wp-content\/uploads\/2024\/12\/amaretti-assortiti-100x100.png 100w, https:\/\/amarettinobili.it\/wp-content\/uploads\/2024\/12\/amaretti-assortiti.png 1096w\" sizes=\"(max-width: 800px) 100vw, 800px\" \/>\t\t\t\t\t\t\t\t\t\t\t\t\t\t\t<\/div>\n\t\t\t\t<\/div>\n\t\t\t\t<\/div>\n\t\t<div class=\"elementor-element elementor-element-f50ad61 e-con-full e-flex e-con e-parent\" data-id=\"f50ad61\" data-element_type=\"container\" data-e-type=\"container\" data-settings=\"{&quot;background_background&quot;:&quot;classic&quot;}\">\n\t\t\t\t<div class=\"elementor-element elementor-element-fda82bf elementor-widget elementor-widget-heading\" data-id=\"fda82bf\" data-element_type=\"widget\" data-e-type=\"widget\" data-widget_type=\"heading.default\">\n\t\t\t\t<div class=\"elementor-widget-container\">\n\t\t\t\t\t<h2 class=\"elementor-heading-title elementor-size-default\">ALTRI PRODOTTI<\/h2>\t\t\t\t<\/div>\n\t\t\t\t<\/div>\n\t\t<div class=\"elementor-element elementor-element-0133941 e-con-full e-flex e-con e-child\" data-id=\"0133941\" data-element_type=\"container\" data-e-type=\"container\" data-settings=\"{&quot;background_background&quot;:&quot;classic&quot;}\">\n\t\t\t\t<div class=\"elementor-element elementor-element-6989a52 elementor-pagination-type-bullets elementor-arrows-position-inside elementor-pagination-position-outside elementor-widget elementor-widget-n-carousel\" data-id=\"6989a52\" data-element_type=\"widget\" data-e-type=\"widget\" data-settings=\"{&quot;carousel_items&quot;:[{&quot;slide_title&quot;:&quot;Slide #1&quot;,&quot;_id&quot;:&quot;c5b201b&quot;},{&quot;slide_title&quot;:&quot;Slide #1&quot;,&quot;_id&quot;:&quot;e4a2fc0&quot;},{&quot;slide_title&quot;:&quot;Slide #1&quot;,&quot;_id&quot;:&quot;9bdc968&quot;},{&quot;slide_title&quot;:&quot;Slide #1&quot;,&quot;_id&quot;:&quot;ab187d9&quot;},{&quot;slide_title&quot;:&quot;Slide #1&quot;,&quot;_id&quot;:&quot;6e7061f&quot;},{&quot;slide_title&quot;:&quot;Slide #1&quot;,&quot;_id&quot;:&quot;706f97f&quot;},{&quot;slide_title&quot;:&quot;Slide #1&quot;,&quot;_id&quot;:&quot;55100f2&quot;},{&quot;slide_title&quot;:&quot;Slide #1&quot;,&quot;_id&quot;:&quot;7fed40a&quot;},{&quot;slide_title&quot;:&quot;Slide #1&quot;,&quot;_id&quot;:&quot;9ed509a&quot;},{&quot;slide_title&quot;:&quot;Slide #1&quot;,&quot;_id&quot;:&quot;e552c69&quot;},{&quot;slide_title&quot;:&quot;Slide #1&quot;,&quot;_id&quot;:&quot;b6e5faa&quot;}],&quot;autoplay_speed&quot;:2000,&quot;slides_to_show_tablet&quot;:&quot;2&quot;,&quot;slides_to_show_mobile&quot;:&quot;1&quot;,&quot;autoplay&quot;:&quot;yes&quot;,&quot;pause_on_hover&quot;:&quot;yes&quot;,&quot;pause_on_interaction&quot;:&quot;yes&quot;,&quot;infinite&quot;:&quot;yes&quot;,&quot;speed&quot;:500,&quot;offset_sides&quot;:&quot;none&quot;,&quot;arrows&quot;:&quot;yes&quot;,&quot;pagination&quot;:&quot;bullets&quot;,&quot;image_spacing_custom&quot;:{&quot;unit&quot;:&quot;px&quot;,&quot;size&quot;:10,&quot;sizes&quot;:[]},&quot;image_spacing_custom_tablet&quot;:{&quot;unit&quot;:&quot;px&quot;,&quot;size&quot;:&quot;&quot;,&quot;sizes&quot;:[]},&quot;image_spacing_custom_mobile&quot;:{&quot;unit&quot;:&quot;px&quot;,&quot;size&quot;:&quot;&quot;,&quot;sizes&quot;:[]}}\" data-widget_type=\"nested-carousel.default\">\n\t\t\t\t<div class=\"elementor-widget-container\">\n\t\t\t\t\t\t\t<div class=\"e-n-carousel swiper\" role=\"region\" aria-roledescription=\"carousel\" aria-label=\"Carosello\" dir=\"ltr\">\n\t\t\t<div class=\"swiper-wrapper\" aria-live=\"off\">\n\t\t\t\t\t\t\t\t\t\t<div class=\"swiper-slide\" data-slide=\"1\" role=\"group\" aria-roledescription=\"slide\" aria-label=\"1 di 11\">\n\t\t\t\t\t\t\t<div class=\"elementor-element elementor-element-c586a75 e-flex e-con-boxed e-con e-child\" data-id=\"c586a75\" data-element_type=\"container\" data-e-type=\"container\">\n\t\t\t\t\t<div class=\"e-con-inner\">\n\t\t<div class=\"elementor-element elementor-element-787517a e-con-full e-flex e-con e-child\" data-id=\"787517a\" data-element_type=\"container\" data-e-type=\"container\">\n\t\t\t\t<div class=\"elementor-element elementor-element-8400687 elementor-widget elementor-widget-image\" data-id=\"8400687\" data-element_type=\"widget\" data-e-type=\"widget\" data-widget_type=\"image.default\">\n\t\t\t\t<div class=\"elementor-widget-container\">\n\t\t\t\t\t\t\t\t\t\t\t\t\t\t\t<img loading=\"lazy\" decoding=\"async\" width=\"800\" height=\"800\" src=\"https:\/\/amarettinobili.it\/wp-content\/uploads\/2024\/12\/Ricetta-storica-Bianco-1024x1024.png\" class=\"attachment-large size-large wp-image-1923\" alt=\"\" srcset=\"https:\/\/amarettinobili.it\/wp-content\/uploads\/2024\/12\/Ricetta-storica-Bianco-1024x1024.png 1024w, https:\/\/amarettinobili.it\/wp-content\/uploads\/2024\/12\/Ricetta-storica-Bianco-300x300.png 300w, https:\/\/amarettinobili.it\/wp-content\/uploads\/2024\/12\/Ricetta-storica-Bianco-150x150.png 150w, https:\/\/amarettinobili.it\/wp-content\/uploads\/2024\/12\/Ricetta-storica-Bianco-768x768.png 768w, https:\/\/amarettinobili.it\/wp-content\/uploads\/2024\/12\/Ricetta-storica-Bianco-1536x1536.png 1536w, https:\/\/amarettinobili.it\/wp-content\/uploads\/2024\/12\/Ricetta-storica-Bianco-600x600.png 600w, https:\/\/amarettinobili.it\/wp-content\/uploads\/2024\/12\/Ricetta-storica-Bianco-100x100.png 100w, https:\/\/amarettinobili.it\/wp-content\/uploads\/2024\/12\/Ricetta-storica-Bianco.png 2000w\" sizes=\"(max-width: 800px) 100vw, 800px\" \/>\t\t\t\t\t\t\t\t\t\t\t\t\t\t\t<\/div>\n\t\t\t\t<\/div>\n\t\t\t\t<div class=\"elementor-element elementor-element-4d1df96 elementor-align-center elementor-widget elementor-widget-button\" data-id=\"4d1df96\" data-element_type=\"widget\" data-e-type=\"widget\" data-widget_type=\"button.default\">\n\t\t\t\t<div class=\"elementor-widget-container\">\n\t\t\t\t\t\t\t\t\t<div class=\"elementor-button-wrapper\">\n\t\t\t\t\t<a class=\"elementor-button elementor-button-link elementor-size-sm\" href=\"http:\/\/amarettinobili.it\/amaretti-nobili\/ricetta-storica\/\">\n\t\t\t\t\t\t<span class=\"elementor-button-content-wrapper\">\n\t\t\t\t\t\t\t\t\t<span class=\"elementor-button-text\">Ricetta<br>Storica<\/span>\n\t\t\t\t\t<\/span>\n\t\t\t\t\t<\/a>\n\t\t\t\t<\/div>\n\t\t\t\t\t\t\t\t<\/div>\n\t\t\t\t<\/div>\n\t\t\t\t<\/div>\n\t\t\t\t\t<\/div>\n\t\t\t\t<\/div>\n\t\t\t\t\t\t\t\t<\/div>\n\t\t\t\t\t\t\t\t\t\t\t<div class=\"swiper-slide\" data-slide=\"2\" role=\"group\" aria-roledescription=\"slide\" aria-label=\"2 di 11\">\n\t\t\t\t\t\t\t<div class=\"elementor-element elementor-element-6a7cd74 e-flex e-con-boxed e-con e-child\" data-id=\"6a7cd74\" data-element_type=\"container\" data-e-type=\"container\">\n\t\t\t\t\t<div class=\"e-con-inner\">\n\t\t<div class=\"elementor-element elementor-element-62491e8 e-con-full e-flex e-con e-child\" data-id=\"62491e8\" data-element_type=\"container\" data-e-type=\"container\">\n\t\t\t\t<div class=\"elementor-element elementor-element-3c325c6 elementor-widget elementor-widget-image\" data-id=\"3c325c6\" data-element_type=\"widget\" data-e-type=\"widget\" data-widget_type=\"image.default\">\n\t\t\t\t<div class=\"elementor-widget-container\">\n\t\t\t\t\t\t\t\t\t\t\t\t\t\t\t<img loading=\"lazy\" decoding=\"async\" width=\"800\" height=\"800\" src=\"https:\/\/amarettinobili.it\/wp-content\/uploads\/2024\/12\/Cassata-Bianco-1024x1024.png\" class=\"attachment-large size-large wp-image-1873\" alt=\"\" srcset=\"https:\/\/amarettinobili.it\/wp-content\/uploads\/2024\/12\/Cassata-Bianco-1024x1024.png 1024w, https:\/\/amarettinobili.it\/wp-content\/uploads\/2024\/12\/Cassata-Bianco-300x300.png 300w, https:\/\/amarettinobili.it\/wp-content\/uploads\/2024\/12\/Cassata-Bianco-150x150.png 150w, https:\/\/amarettinobili.it\/wp-content\/uploads\/2024\/12\/Cassata-Bianco-768x768.png 768w, https:\/\/amarettinobili.it\/wp-content\/uploads\/2024\/12\/Cassata-Bianco-1536x1536.png 1536w, https:\/\/amarettinobili.it\/wp-content\/uploads\/2024\/12\/Cassata-Bianco-600x600.png 600w, https:\/\/amarettinobili.it\/wp-content\/uploads\/2024\/12\/Cassata-Bianco-100x100.png 100w, https:\/\/amarettinobili.it\/wp-content\/uploads\/2024\/12\/Cassata-Bianco.png 2000w\" sizes=\"(max-width: 800px) 100vw, 800px\" \/>\t\t\t\t\t\t\t\t\t\t\t\t\t\t\t<\/div>\n\t\t\t\t<\/div>\n\t\t\t\t<div class=\"elementor-element elementor-element-3d7fa0c elementor-align-center elementor-widget elementor-widget-button\" data-id=\"3d7fa0c\" data-element_type=\"widget\" data-e-type=\"widget\" data-widget_type=\"button.default\">\n\t\t\t\t<div class=\"elementor-widget-container\">\n\t\t\t\t\t\t\t\t\t<div class=\"elementor-button-wrapper\">\n\t\t\t\t\t<a class=\"elementor-button elementor-button-link elementor-size-sm\" href=\"http:\/\/amarettinobili.it\/amaretti-nobili\/cassata-siciliana\/\">\n\t\t\t\t\t\t<span class=\"elementor-button-content-wrapper\">\n\t\t\t\t\t\t\t\t\t<span class=\"elementor-button-text\">Cassata<br>Siciliana<\/span>\n\t\t\t\t\t<\/span>\n\t\t\t\t\t<\/a>\n\t\t\t\t<\/div>\n\t\t\t\t\t\t\t\t<\/div>\n\t\t\t\t<\/div>\n\t\t\t\t<\/div>\n\t\t\t\t\t<\/div>\n\t\t\t\t<\/div>\n\t\t\t\t\t\t\t\t<\/div>\n\t\t\t\t\t\t\t\t\t\t\t<div class=\"swiper-slide\" data-slide=\"3\" role=\"group\" aria-roledescription=\"slide\" aria-label=\"3 di 11\">\n\t\t\t\t\t\t\t<div class=\"elementor-element elementor-element-a216154 e-flex e-con-boxed e-con e-child\" data-id=\"a216154\" data-element_type=\"container\" data-e-type=\"container\">\n\t\t\t\t\t<div class=\"e-con-inner\">\n\t\t<div class=\"elementor-element elementor-element-76479bd e-con-full e-flex e-con e-child\" data-id=\"76479bd\" data-element_type=\"container\" data-e-type=\"container\">\n\t\t\t\t<div class=\"elementor-element elementor-element-4f61f73 elementor-widget elementor-widget-image\" data-id=\"4f61f73\" data-element_type=\"widget\" data-e-type=\"widget\" data-widget_type=\"image.default\">\n\t\t\t\t<div class=\"elementor-widget-container\">\n\t\t\t\t\t\t\t\t\t\t\t\t\t\t\t<img loading=\"lazy\" decoding=\"async\" width=\"800\" height=\"800\" src=\"https:\/\/amarettinobili.it\/wp-content\/uploads\/2024\/12\/Croccantino-Rhum-Bianco-1024x1024.png\" class=\"attachment-large size-large wp-image-1871\" alt=\"\" srcset=\"https:\/\/amarettinobili.it\/wp-content\/uploads\/2024\/12\/Croccantino-Rhum-Bianco-1024x1024.png 1024w, https:\/\/amarettinobili.it\/wp-content\/uploads\/2024\/12\/Croccantino-Rhum-Bianco-300x300.png 300w, https:\/\/amarettinobili.it\/wp-content\/uploads\/2024\/12\/Croccantino-Rhum-Bianco-150x150.png 150w, https:\/\/amarettinobili.it\/wp-content\/uploads\/2024\/12\/Croccantino-Rhum-Bianco-768x768.png 768w, https:\/\/amarettinobili.it\/wp-content\/uploads\/2024\/12\/Croccantino-Rhum-Bianco-1536x1536.png 1536w, https:\/\/amarettinobili.it\/wp-content\/uploads\/2024\/12\/Croccantino-Rhum-Bianco-600x600.png 600w, https:\/\/amarettinobili.it\/wp-content\/uploads\/2024\/12\/Croccantino-Rhum-Bianco-100x100.png 100w, https:\/\/amarettinobili.it\/wp-content\/uploads\/2024\/12\/Croccantino-Rhum-Bianco.png 2000w\" sizes=\"(max-width: 800px) 100vw, 800px\" \/>\t\t\t\t\t\t\t\t\t\t\t\t\t\t\t<\/div>\n\t\t\t\t<\/div>\n\t\t\t\t<div class=\"elementor-element elementor-element-cf0225e elementor-align-center elementor-widget elementor-widget-button\" data-id=\"cf0225e\" data-element_type=\"widget\" data-e-type=\"widget\" data-widget_type=\"button.default\">\n\t\t\t\t<div class=\"elementor-widget-container\">\n\t\t\t\t\t\t\t\t\t<div class=\"elementor-button-wrapper\">\n\t\t\t\t\t<a class=\"elementor-button elementor-button-link elementor-size-sm\" href=\"http:\/\/amarettinobili.it\/amaretti-nobili\/croccantino-al-rhum-2\/\">\n\t\t\t\t\t\t<span class=\"elementor-button-content-wrapper\">\n\t\t\t\t\t\t\t\t\t<span class=\"elementor-button-text\">Croccantino<br>al Rhum<\/span>\n\t\t\t\t\t<\/span>\n\t\t\t\t\t<\/a>\n\t\t\t\t<\/div>\n\t\t\t\t\t\t\t\t<\/div>\n\t\t\t\t<\/div>\n\t\t\t\t<\/div>\n\t\t\t\t\t<\/div>\n\t\t\t\t<\/div>\n\t\t\t\t\t\t\t\t<\/div>\n\t\t\t\t\t\t\t\t\t\t\t<div class=\"swiper-slide\" data-slide=\"4\" role=\"group\" aria-roledescription=\"slide\" aria-label=\"4 di 11\">\n\t\t\t\t\t\t\t<div class=\"elementor-element elementor-element-b924e67 e-flex e-con-boxed e-con e-child\" data-id=\"b924e67\" data-element_type=\"container\" data-e-type=\"container\">\n\t\t\t\t\t<div class=\"e-con-inner\">\n\t\t<div class=\"elementor-element elementor-element-af8f2db e-con-full e-flex e-con e-child\" data-id=\"af8f2db\" data-element_type=\"container\" data-e-type=\"container\">\n\t\t\t\t<div class=\"elementor-element elementor-element-b4aceb4 elementor-widget elementor-widget-image\" data-id=\"b4aceb4\" data-element_type=\"widget\" data-e-type=\"widget\" data-widget_type=\"image.default\">\n\t\t\t\t<div class=\"elementor-widget-container\">\n\t\t\t\t\t\t\t\t\t\t\t\t\t\t\t<img loading=\"lazy\" decoding=\"async\" width=\"800\" height=\"800\" src=\"https:\/\/amarettinobili.it\/wp-content\/uploads\/2024\/12\/Ricetta-Classica-Bianco-1024x1024.png\" class=\"attachment-large size-large wp-image-1924\" alt=\"\" srcset=\"https:\/\/amarettinobili.it\/wp-content\/uploads\/2024\/12\/Ricetta-Classica-Bianco-1024x1024.png 1024w, https:\/\/amarettinobili.it\/wp-content\/uploads\/2024\/12\/Ricetta-Classica-Bianco-300x300.png 300w, https:\/\/amarettinobili.it\/wp-content\/uploads\/2024\/12\/Ricetta-Classica-Bianco-150x150.png 150w, https:\/\/amarettinobili.it\/wp-content\/uploads\/2024\/12\/Ricetta-Classica-Bianco-768x768.png 768w, https:\/\/amarettinobili.it\/wp-content\/uploads\/2024\/12\/Ricetta-Classica-Bianco-1536x1536.png 1536w, https:\/\/amarettinobili.it\/wp-content\/uploads\/2024\/12\/Ricetta-Classica-Bianco-600x600.png 600w, https:\/\/amarettinobili.it\/wp-content\/uploads\/2024\/12\/Ricetta-Classica-Bianco-100x100.png 100w, https:\/\/amarettinobili.it\/wp-content\/uploads\/2024\/12\/Ricetta-Classica-Bianco.png 2000w\" sizes=\"(max-width: 800px) 100vw, 800px\" \/>\t\t\t\t\t\t\t\t\t\t\t\t\t\t\t<\/div>\n\t\t\t\t<\/div>\n\t\t\t\t<div class=\"elementor-element elementor-element-0d7efa2 elementor-align-center elementor-widget elementor-widget-button\" data-id=\"0d7efa2\" data-element_type=\"widget\" data-e-type=\"widget\" data-widget_type=\"button.default\">\n\t\t\t\t<div class=\"elementor-widget-container\">\n\t\t\t\t\t\t\t\t\t<div class=\"elementor-button-wrapper\">\n\t\t\t\t\t<a class=\"elementor-button elementor-button-link elementor-size-sm\" href=\"http:\/\/amarettinobili.it\/amaretti-nobili\/ricetta-classica\/\">\n\t\t\t\t\t\t<span class=\"elementor-button-content-wrapper\">\n\t\t\t\t\t\t\t\t\t<span class=\"elementor-button-text\">Ricetta<br>Classica<\/span>\n\t\t\t\t\t<\/span>\n\t\t\t\t\t<\/a>\n\t\t\t\t<\/div>\n\t\t\t\t\t\t\t\t<\/div>\n\t\t\t\t<\/div>\n\t\t\t\t<\/div>\n\t\t\t\t\t<\/div>\n\t\t\t\t<\/div>\n\t\t\t\t\t\t\t\t<\/div>\n\t\t\t\t\t\t\t\t\t\t\t<div class=\"swiper-slide\" data-slide=\"5\" role=\"group\" aria-roledescription=\"slide\" aria-label=\"5 di 11\">\n\t\t\t\t\t\t\t<div class=\"elementor-element elementor-element-cdaae8e e-flex e-con-boxed e-con e-child\" data-id=\"cdaae8e\" data-element_type=\"container\" data-e-type=\"container\">\n\t\t\t\t\t<div class=\"e-con-inner\">\n\t\t<div class=\"elementor-element elementor-element-a5461cc e-con-full e-flex e-con e-child\" data-id=\"a5461cc\" data-element_type=\"container\" data-e-type=\"container\">\n\t\t\t\t<div class=\"elementor-element elementor-element-98a957e elementor-widget elementor-widget-image\" data-id=\"98a957e\" data-element_type=\"widget\" data-e-type=\"widget\" data-widget_type=\"image.default\">\n\t\t\t\t<div class=\"elementor-widget-container\">\n\t\t\t\t\t\t\t\t\t\t\t\t\t\t\t<img loading=\"lazy\" decoding=\"async\" width=\"800\" height=\"800\" src=\"https:\/\/amarettinobili.it\/wp-content\/uploads\/2024\/12\/Moscato-Bianco-1024x1024.png\" class=\"attachment-large size-large wp-image-1887\" alt=\"\" srcset=\"https:\/\/amarettinobili.it\/wp-content\/uploads\/2024\/12\/Moscato-Bianco-1024x1024.png 1024w, https:\/\/amarettinobili.it\/wp-content\/uploads\/2024\/12\/Moscato-Bianco-300x300.png 300w, https:\/\/amarettinobili.it\/wp-content\/uploads\/2024\/12\/Moscato-Bianco-150x150.png 150w, https:\/\/amarettinobili.it\/wp-content\/uploads\/2024\/12\/Moscato-Bianco-768x768.png 768w, https:\/\/amarettinobili.it\/wp-content\/uploads\/2024\/12\/Moscato-Bianco-1536x1536.png 1536w, https:\/\/amarettinobili.it\/wp-content\/uploads\/2024\/12\/Moscato-Bianco-600x600.png 600w, https:\/\/amarettinobili.it\/wp-content\/uploads\/2024\/12\/Moscato-Bianco-100x100.png 100w, https:\/\/amarettinobili.it\/wp-content\/uploads\/2024\/12\/Moscato-Bianco.png 2000w\" sizes=\"(max-width: 800px) 100vw, 800px\" \/>\t\t\t\t\t\t\t\t\t\t\t\t\t\t\t<\/div>\n\t\t\t\t<\/div>\n\t\t\t\t<div class=\"elementor-element elementor-element-1e32b84 elementor-align-center elementor-widget elementor-widget-button\" data-id=\"1e32b84\" data-element_type=\"widget\" data-e-type=\"widget\" data-widget_type=\"button.default\">\n\t\t\t\t<div class=\"elementor-widget-container\">\n\t\t\t\t\t\t\t\t\t<div class=\"elementor-button-wrapper\">\n\t\t\t\t\t<a class=\"elementor-button elementor-button-link elementor-size-sm\" href=\"http:\/\/amarettinobili.it\/amaretti-nobili\/moscato-dasti\/\">\n\t\t\t\t\t\t<span class=\"elementor-button-content-wrapper\">\n\t\t\t\t\t\t\t\t\t<span class=\"elementor-button-text\">Moscato<br>D'Asti<\/span>\n\t\t\t\t\t<\/span>\n\t\t\t\t\t<\/a>\n\t\t\t\t<\/div>\n\t\t\t\t\t\t\t\t<\/div>\n\t\t\t\t<\/div>\n\t\t\t\t<\/div>\n\t\t\t\t\t<\/div>\n\t\t\t\t<\/div>\n\t\t\t\t\t\t\t\t<\/div>\n\t\t\t\t\t\t\t\t\t\t\t<div class=\"swiper-slide\" data-slide=\"6\" role=\"group\" aria-roledescription=\"slide\" aria-label=\"6 di 11\">\n\t\t\t\t\t\t\t<div class=\"elementor-element elementor-element-c9ed7a9 e-flex e-con-boxed e-con e-child\" data-id=\"c9ed7a9\" data-element_type=\"container\" data-e-type=\"container\">\n\t\t\t\t\t<div class=\"e-con-inner\">\n\t\t<div class=\"elementor-element elementor-element-84717ca e-con-full e-flex e-con e-child\" data-id=\"84717ca\" data-element_type=\"container\" data-e-type=\"container\">\n\t\t\t\t<div class=\"elementor-element elementor-element-d320793 elementor-widget elementor-widget-image\" data-id=\"d320793\" data-element_type=\"widget\" data-e-type=\"widget\" data-widget_type=\"image.default\">\n\t\t\t\t<div class=\"elementor-widget-container\">\n\t\t\t\t\t\t\t\t\t\t\t\t\t\t\t<img loading=\"lazy\" decoding=\"async\" width=\"800\" height=\"800\" src=\"https:\/\/amarettinobili.it\/wp-content\/uploads\/2024\/12\/Limoni-Bianco-1024x1024.png\" class=\"attachment-large size-large wp-image-1895\" alt=\"\" srcset=\"https:\/\/amarettinobili.it\/wp-content\/uploads\/2024\/12\/Limoni-Bianco-1024x1024.png 1024w, https:\/\/amarettinobili.it\/wp-content\/uploads\/2024\/12\/Limoni-Bianco-300x300.png 300w, https:\/\/amarettinobili.it\/wp-content\/uploads\/2024\/12\/Limoni-Bianco-150x150.png 150w, https:\/\/amarettinobili.it\/wp-content\/uploads\/2024\/12\/Limoni-Bianco-768x768.png 768w, https:\/\/amarettinobili.it\/wp-content\/uploads\/2024\/12\/Limoni-Bianco-1536x1536.png 1536w, https:\/\/amarettinobili.it\/wp-content\/uploads\/2024\/12\/Limoni-Bianco-600x600.png 600w, https:\/\/amarettinobili.it\/wp-content\/uploads\/2024\/12\/Limoni-Bianco-100x100.png 100w, https:\/\/amarettinobili.it\/wp-content\/uploads\/2024\/12\/Limoni-Bianco.png 2000w\" sizes=\"(max-width: 800px) 100vw, 800px\" \/>\t\t\t\t\t\t\t\t\t\t\t\t\t\t\t<\/div>\n\t\t\t\t<\/div>\n\t\t\t\t<div class=\"elementor-element elementor-element-2ccb6cf elementor-align-center elementor-widget elementor-widget-button\" data-id=\"2ccb6cf\" data-element_type=\"widget\" data-e-type=\"widget\" data-widget_type=\"button.default\">\n\t\t\t\t<div class=\"elementor-widget-container\">\n\t\t\t\t\t\t\t\t\t<div class=\"elementor-button-wrapper\">\n\t\t\t\t\t<a class=\"elementor-button elementor-button-link elementor-size-sm\" href=\"http:\/\/amarettinobili.it\/amaretti-nobili\/pasta-di-limone\/\">\n\t\t\t\t\t\t<span class=\"elementor-button-content-wrapper\">\n\t\t\t\t\t\t\t\t\t<span class=\"elementor-button-text\">Pasta di<br>Limone<\/span>\n\t\t\t\t\t<\/span>\n\t\t\t\t\t<\/a>\n\t\t\t\t<\/div>\n\t\t\t\t\t\t\t\t<\/div>\n\t\t\t\t<\/div>\n\t\t\t\t<\/div>\n\t\t\t\t\t<\/div>\n\t\t\t\t<\/div>\n\t\t\t\t\t\t\t\t<\/div>\n\t\t\t\t\t\t\t\t\t\t\t<div class=\"swiper-slide\" data-slide=\"7\" role=\"group\" aria-roledescription=\"slide\" aria-label=\"7 di 11\">\n\t\t\t\t\t\t\t<div class=\"elementor-element elementor-element-3ec6118 e-flex e-con-boxed e-con e-child\" data-id=\"3ec6118\" data-element_type=\"container\" data-e-type=\"container\">\n\t\t\t\t\t<div class=\"e-con-inner\">\n\t\t<div class=\"elementor-element elementor-element-1b4cd01 e-con-full e-flex e-con e-child\" data-id=\"1b4cd01\" data-element_type=\"container\" data-e-type=\"container\">\n\t\t\t\t<div class=\"elementor-element elementor-element-5768404 elementor-widget elementor-widget-image\" data-id=\"5768404\" data-element_type=\"widget\" data-e-type=\"widget\" data-widget_type=\"image.default\">\n\t\t\t\t<div class=\"elementor-widget-container\">\n\t\t\t\t\t\t\t\t\t\t\t\t\t\t\t<img loading=\"lazy\" decoding=\"async\" width=\"800\" height=\"800\" src=\"https:\/\/amarettinobili.it\/wp-content\/uploads\/2024\/12\/Marron-Glace-bianco-1024x1024.png\" class=\"attachment-large size-large wp-image-1925\" alt=\"\" srcset=\"https:\/\/amarettinobili.it\/wp-content\/uploads\/2024\/12\/Marron-Glace-bianco-1024x1024.png 1024w, https:\/\/amarettinobili.it\/wp-content\/uploads\/2024\/12\/Marron-Glace-bianco-300x300.png 300w, https:\/\/amarettinobili.it\/wp-content\/uploads\/2024\/12\/Marron-Glace-bianco-150x150.png 150w, https:\/\/amarettinobili.it\/wp-content\/uploads\/2024\/12\/Marron-Glace-bianco-768x768.png 768w, https:\/\/amarettinobili.it\/wp-content\/uploads\/2024\/12\/Marron-Glace-bianco-1536x1536.png 1536w, https:\/\/amarettinobili.it\/wp-content\/uploads\/2024\/12\/Marron-Glace-bianco-600x600.png 600w, https:\/\/amarettinobili.it\/wp-content\/uploads\/2024\/12\/Marron-Glace-bianco-100x100.png 100w, https:\/\/amarettinobili.it\/wp-content\/uploads\/2024\/12\/Marron-Glace-bianco.png 2000w\" sizes=\"(max-width: 800px) 100vw, 800px\" \/>\t\t\t\t\t\t\t\t\t\t\t\t\t\t\t<\/div>\n\t\t\t\t<\/div>\n\t\t\t\t<div class=\"elementor-element elementor-element-8df5879 elementor-align-center elementor-widget elementor-widget-button\" data-id=\"8df5879\" data-element_type=\"widget\" data-e-type=\"widget\" data-widget_type=\"button.default\">\n\t\t\t\t<div class=\"elementor-widget-container\">\n\t\t\t\t\t\t\t\t\t<div class=\"elementor-button-wrapper\">\n\t\t\t\t\t<a class=\"elementor-button elementor-button-link elementor-size-sm\" href=\"http:\/\/amarettinobili.it\/amaretti-nobili\/marron-glace\/\">\n\t\t\t\t\t\t<span class=\"elementor-button-content-wrapper\">\n\t\t\t\t\t\t\t\t\t<span class=\"elementor-button-text\">Marron<br>Glac\u00e8<\/span>\n\t\t\t\t\t<\/span>\n\t\t\t\t\t<\/a>\n\t\t\t\t<\/div>\n\t\t\t\t\t\t\t\t<\/div>\n\t\t\t\t<\/div>\n\t\t\t\t<\/div>\n\t\t\t\t\t<\/div>\n\t\t\t\t<\/div>\n\t\t\t\t\t\t\t\t<\/div>\n\t\t\t\t\t\t\t\t\t\t\t<div class=\"swiper-slide\" data-slide=\"8\" role=\"group\" aria-roledescription=\"slide\" aria-label=\"8 di 11\">\n\t\t\t\t\t\t\t<div class=\"elementor-element elementor-element-52c2611 e-flex e-con-boxed e-con e-child\" data-id=\"52c2611\" data-element_type=\"container\" data-e-type=\"container\">\n\t\t\t\t\t<div class=\"e-con-inner\">\n\t\t<div class=\"elementor-element elementor-element-dda17a0 e-con-full e-flex e-con e-child\" data-id=\"dda17a0\" data-element_type=\"container\" data-e-type=\"container\">\n\t\t\t\t<div class=\"elementor-element elementor-element-5812afa elementor-widget elementor-widget-image\" data-id=\"5812afa\" data-element_type=\"widget\" data-e-type=\"widget\" data-widget_type=\"image.default\">\n\t\t\t\t<div class=\"elementor-widget-container\">\n\t\t\t\t\t\t\t\t\t\t\t\t\t\t\t<img loading=\"lazy\" decoding=\"async\" width=\"800\" height=\"800\" src=\"https:\/\/amarettinobili.it\/wp-content\/uploads\/2025\/03\/Amarene-Bianco.png\" class=\"attachment-large size-large wp-image-2414\" alt=\"\" srcset=\"https:\/\/amarettinobili.it\/wp-content\/uploads\/2025\/03\/Amarene-Bianco.png 1000w, https:\/\/amarettinobili.it\/wp-content\/uploads\/2025\/03\/Amarene-Bianco-300x300.png 300w, https:\/\/amarettinobili.it\/wp-content\/uploads\/2025\/03\/Amarene-Bianco-150x150.png 150w, https:\/\/amarettinobili.it\/wp-content\/uploads\/2025\/03\/Amarene-Bianco-768x768.png 768w, https:\/\/amarettinobili.it\/wp-content\/uploads\/2025\/03\/Amarene-Bianco-12x12.png 12w, https:\/\/amarettinobili.it\/wp-content\/uploads\/2025\/03\/Amarene-Bianco-600x600.png 600w, https:\/\/amarettinobili.it\/wp-content\/uploads\/2025\/03\/Amarene-Bianco-100x100.png 100w\" sizes=\"(max-width: 800px) 100vw, 800px\" \/>\t\t\t\t\t\t\t\t\t\t\t\t\t\t\t<\/div>\n\t\t\t\t<\/div>\n\t\t\t\t<div class=\"elementor-element elementor-element-55945ba elementor-align-center elementor-widget elementor-widget-button\" data-id=\"55945ba\" data-element_type=\"widget\" data-e-type=\"widget\" data-widget_type=\"button.default\">\n\t\t\t\t<div class=\"elementor-widget-container\">\n\t\t\t\t\t\t\t\t\t<div class=\"elementor-button-wrapper\">\n\t\t\t\t\t<a class=\"elementor-button elementor-button-link elementor-size-sm\" href=\"http:\/\/amarettinobili.it\/amaretti-nobili\/amaretti-fondente-e-amarena\/\">\n\t\t\t\t\t\t<span class=\"elementor-button-content-wrapper\">\n\t\t\t\t\t\t\t\t\t<span class=\"elementor-button-text\">Fondente<br>e Amarena<\/span>\n\t\t\t\t\t<\/span>\n\t\t\t\t\t<\/a>\n\t\t\t\t<\/div>\n\t\t\t\t\t\t\t\t<\/div>\n\t\t\t\t<\/div>\n\t\t\t\t<\/div>\n\t\t\t\t\t<\/div>\n\t\t\t\t<\/div>\n\t\t\t\t\t\t\t\t<\/div>\n\t\t\t\t\t\t\t\t\t\t\t<div class=\"swiper-slide\" data-slide=\"9\" role=\"group\" aria-roledescription=\"slide\" aria-label=\"9 di 11\">\n\t\t\t\t\t\t\t<div class=\"elementor-element elementor-element-3126307 e-flex e-con-boxed e-con e-child\" data-id=\"3126307\" data-element_type=\"container\" data-e-type=\"container\">\n\t\t\t\t\t<div class=\"e-con-inner\">\n\t\t<div class=\"elementor-element elementor-element-1aa6b2f e-con-full e-flex e-con e-child\" data-id=\"1aa6b2f\" data-element_type=\"container\" data-e-type=\"container\">\n\t\t\t\t<div class=\"elementor-element elementor-element-3c15782 elementor-widget elementor-widget-image\" data-id=\"3c15782\" data-element_type=\"widget\" data-e-type=\"widget\" data-widget_type=\"image.default\">\n\t\t\t\t<div class=\"elementor-widget-container\">\n\t\t\t\t\t\t\t\t\t\t\t\t\t\t\t<img loading=\"lazy\" decoding=\"async\" width=\"800\" height=\"800\" src=\"https:\/\/amarettinobili.it\/wp-content\/uploads\/2024\/12\/Caffe-Bianco-1024x1024.png\" class=\"attachment-large size-large wp-image-1926\" alt=\"\" srcset=\"https:\/\/amarettinobili.it\/wp-content\/uploads\/2024\/12\/Caffe-Bianco-1024x1024.png 1024w, https:\/\/amarettinobili.it\/wp-content\/uploads\/2024\/12\/Caffe-Bianco-300x300.png 300w, https:\/\/amarettinobili.it\/wp-content\/uploads\/2024\/12\/Caffe-Bianco-150x150.png 150w, https:\/\/amarettinobili.it\/wp-content\/uploads\/2024\/12\/Caffe-Bianco-768x768.png 768w, https:\/\/amarettinobili.it\/wp-content\/uploads\/2024\/12\/Caffe-Bianco-1536x1536.png 1536w, https:\/\/amarettinobili.it\/wp-content\/uploads\/2024\/12\/Caffe-Bianco-600x600.png 600w, https:\/\/amarettinobili.it\/wp-content\/uploads\/2024\/12\/Caffe-Bianco-100x100.png 100w, https:\/\/amarettinobili.it\/wp-content\/uploads\/2024\/12\/Caffe-Bianco.png 2000w\" sizes=\"(max-width: 800px) 100vw, 800px\" \/>\t\t\t\t\t\t\t\t\t\t\t\t\t\t\t<\/div>\n\t\t\t\t<\/div>\n\t\t\t\t<div class=\"elementor-element elementor-element-d5b793e elementor-align-center elementor-widget elementor-widget-button\" data-id=\"d5b793e\" data-element_type=\"widget\" data-e-type=\"widget\" data-widget_type=\"button.default\">\n\t\t\t\t<div class=\"elementor-widget-container\">\n\t\t\t\t\t\t\t\t\t<div class=\"elementor-button-wrapper\">\n\t\t\t\t\t<a class=\"elementor-button elementor-button-link elementor-size-sm\" href=\"http:\/\/amarettinobili.it\/amaretti-nobili\/caffe-arabica\/\">\n\t\t\t\t\t\t<span class=\"elementor-button-content-wrapper\">\n\t\t\t\t\t\t\t\t\t<span class=\"elementor-button-text\">Caff\u00e8<br>Arabica<\/span>\n\t\t\t\t\t<\/span>\n\t\t\t\t\t<\/a>\n\t\t\t\t<\/div>\n\t\t\t\t\t\t\t\t<\/div>\n\t\t\t\t<\/div>\n\t\t\t\t<\/div>\n\t\t\t\t\t<\/div>\n\t\t\t\t<\/div>\n\t\t\t\t\t\t\t\t<\/div>\n\t\t\t\t\t\t\t\t\t\t\t<div class=\"swiper-slide\" data-slide=\"10\" role=\"group\" aria-roledescription=\"slide\" aria-label=\"10 di 11\">\n\t\t\t\t\t\t\t<div class=\"elementor-element elementor-element-66c4c31 e-flex e-con-boxed e-con e-child\" data-id=\"66c4c31\" data-element_type=\"container\" data-e-type=\"container\">\n\t\t\t\t\t<div class=\"e-con-inner\">\n\t\t<div class=\"elementor-element elementor-element-18c6515 e-con-full e-flex e-con e-child\" data-id=\"18c6515\" data-element_type=\"container\" data-e-type=\"container\">\n\t\t\t\t<div class=\"elementor-element elementor-element-0a18b0e elementor-widget elementor-widget-image\" data-id=\"0a18b0e\" data-element_type=\"widget\" data-e-type=\"widget\" data-widget_type=\"image.default\">\n\t\t\t\t<div class=\"elementor-widget-container\">\n\t\t\t\t\t\t\t\t\t\t\t\t\t\t\t<img loading=\"lazy\" decoding=\"async\" width=\"800\" height=\"800\" src=\"https:\/\/amarettinobili.it\/wp-content\/uploads\/2024\/12\/Pistacchio-Bianco-1024x1024.png\" class=\"attachment-large size-large wp-image-1888\" alt=\"\" srcset=\"https:\/\/amarettinobili.it\/wp-content\/uploads\/2024\/12\/Pistacchio-Bianco-1024x1024.png 1024w, https:\/\/amarettinobili.it\/wp-content\/uploads\/2024\/12\/Pistacchio-Bianco-300x300.png 300w, https:\/\/amarettinobili.it\/wp-content\/uploads\/2024\/12\/Pistacchio-Bianco-150x150.png 150w, https:\/\/amarettinobili.it\/wp-content\/uploads\/2024\/12\/Pistacchio-Bianco-768x768.png 768w, https:\/\/amarettinobili.it\/wp-content\/uploads\/2024\/12\/Pistacchio-Bianco-1536x1536.png 1536w, https:\/\/amarettinobili.it\/wp-content\/uploads\/2024\/12\/Pistacchio-Bianco-600x600.png 600w, https:\/\/amarettinobili.it\/wp-content\/uploads\/2024\/12\/Pistacchio-Bianco-100x100.png 100w, https:\/\/amarettinobili.it\/wp-content\/uploads\/2024\/12\/Pistacchio-Bianco.png 2000w\" sizes=\"(max-width: 800px) 100vw, 800px\" \/>\t\t\t\t\t\t\t\t\t\t\t\t\t\t\t<\/div>\n\t\t\t\t<\/div>\n\t\t\t\t<div class=\"elementor-element elementor-element-f4250fc elementor-align-center elementor-widget elementor-widget-button\" data-id=\"f4250fc\" data-element_type=\"widget\" data-e-type=\"widget\" data-widget_type=\"button.default\">\n\t\t\t\t<div class=\"elementor-widget-container\">\n\t\t\t\t\t\t\t\t\t<div class=\"elementor-button-wrapper\">\n\t\t\t\t\t<a class=\"elementor-button elementor-button-link elementor-size-sm\" href=\"http:\/\/amarettinobili.it\/amaretti-nobili\/pistacchio-del-mediterraneo\/\">\n\t\t\t\t\t\t<span class=\"elementor-button-content-wrapper\">\n\t\t\t\t\t\t\t\t\t<span class=\"elementor-button-text\">Pistacchio<br>del Mediterraneo<\/span>\n\t\t\t\t\t<\/span>\n\t\t\t\t\t<\/a>\n\t\t\t\t<\/div>\n\t\t\t\t\t\t\t\t<\/div>\n\t\t\t\t<\/div>\n\t\t\t\t<\/div>\n\t\t\t\t\t<\/div>\n\t\t\t\t<\/div>\n\t\t\t\t\t\t\t\t<\/div>\n\t\t\t\t\t\t\t\t\t\t\t<div class=\"swiper-slide\" data-slide=\"11\" role=\"group\" aria-roledescription=\"slide\" aria-label=\"11 di 11\">\n\t\t\t\t\t\t\t<div class=\"elementor-element elementor-element-98765ac e-flex e-con-boxed e-con e-child\" data-id=\"98765ac\" data-element_type=\"container\" data-e-type=\"container\">\n\t\t\t\t\t<div class=\"e-con-inner\">\n\t\t<div class=\"elementor-element elementor-element-7492563 e-con-full e-flex e-con e-child\" data-id=\"7492563\" data-element_type=\"container\" data-e-type=\"container\">\n\t\t\t\t<div class=\"elementor-element elementor-element-7d93fb2 elementor-widget elementor-widget-image\" data-id=\"7d93fb2\" data-element_type=\"widget\" data-e-type=\"widget\" data-widget_type=\"image.default\">\n\t\t\t\t<div class=\"elementor-widget-container\">\n\t\t\t\t\t\t\t\t\t\t\t\t\t\t\t<img loading=\"lazy\" decoding=\"async\" width=\"800\" height=\"800\" src=\"https:\/\/amarettinobili.it\/wp-content\/uploads\/2024\/12\/Nocciole-Bianco-1024x1024.png\" class=\"attachment-large size-large wp-image-1927\" alt=\"\" srcset=\"https:\/\/amarettinobili.it\/wp-content\/uploads\/2024\/12\/Nocciole-Bianco-1024x1024.png 1024w, https:\/\/amarettinobili.it\/wp-content\/uploads\/2024\/12\/Nocciole-Bianco-300x300.png 300w, https:\/\/amarettinobili.it\/wp-content\/uploads\/2024\/12\/Nocciole-Bianco-150x150.png 150w, https:\/\/amarettinobili.it\/wp-content\/uploads\/2024\/12\/Nocciole-Bianco-768x768.png 768w, https:\/\/amarettinobili.it\/wp-content\/uploads\/2024\/12\/Nocciole-Bianco-1536x1536.png 1536w, https:\/\/amarettinobili.it\/wp-content\/uploads\/2024\/12\/Nocciole-Bianco-600x600.png 600w, https:\/\/amarettinobili.it\/wp-content\/uploads\/2024\/12\/Nocciole-Bianco-100x100.png 100w, https:\/\/amarettinobili.it\/wp-content\/uploads\/2024\/12\/Nocciole-Bianco.png 2000w\" sizes=\"(max-width: 800px) 100vw, 800px\" \/>\t\t\t\t\t\t\t\t\t\t\t\t\t\t\t<\/div>\n\t\t\t\t<\/div>\n\t\t\t\t<div class=\"elementor-element elementor-element-a13d415 elementor-align-center elementor-widget elementor-widget-button\" data-id=\"a13d415\" data-element_type=\"widget\" data-e-type=\"widget\" data-widget_type=\"button.default\">\n\t\t\t\t<div class=\"elementor-widget-container\">\n\t\t\t\t\t\t\t\t\t<div class=\"elementor-button-wrapper\">\n\t\t\t\t\t<a class=\"elementor-button elementor-button-link elementor-size-sm\" href=\"http:\/\/amarettinobili.it\/amaretti-nobili\/dolcetto-alla-nocciola\/\">\n\t\t\t\t\t\t<span class=\"elementor-button-content-wrapper\">\n\t\t\t\t\t\t\t\t\t<span class=\"elementor-button-text\">Dolcetto<br>alla Nocciola<\/span>\n\t\t\t\t\t<\/span>\n\t\t\t\t\t<\/a>\n\t\t\t\t<\/div>\n\t\t\t\t\t\t\t\t<\/div>\n\t\t\t\t<\/div>\n\t\t\t\t<\/div>\n\t\t\t\t\t<\/div>\n\t\t\t\t<\/div>\n\t\t\t\t\t\t\t\t<\/div>\n\t\t\t\t\t\t\t\t<\/div>\n\t\t<\/div>\n\t\t\t\t\t<div class=\"elementor-swiper-button elementor-swiper-button-prev\" role=\"button\" tabindex=\"0\" aria-label=\"Precedente\">\n\t\t\t\t<svg aria-hidden=\"true\" class=\"e-font-icon-svg e-eicon-chevron-left\" viewBox=\"0 0 1000 1000\" xmlns=\"http:\/\/www.w3.org\/2000\/svg\"><path d=\"M646 125C629 125 613 133 604 142L308 442C296 454 292 471 292 487 292 504 296 521 308 533L604 854C617 867 629 875 646 875 663 875 679 871 692 858 704 846 713 829 713 812 713 796 708 779 692 767L438 487 692 225C700 217 708 204 708 187 708 171 704 154 692 142 675 129 663 125 646 125Z\"><\/path><\/svg>\t\t\t<\/div>\n\t\t\t<div class=\"elementor-swiper-button elementor-swiper-button-next\" role=\"button\" tabindex=\"0\" aria-label=\"Successivo\">\n\t\t\t\t<svg aria-hidden=\"true\" class=\"e-font-icon-svg e-eicon-chevron-right\" viewBox=\"0 0 1000 1000\" xmlns=\"http:\/\/www.w3.org\/2000\/svg\"><path d=\"M696 533C708 521 713 504 713 487 713 471 708 454 696 446L400 146C388 133 375 125 354 125 338 125 325 129 313 142 300 154 292 171 292 187 292 204 296 221 308 233L563 492 304 771C292 783 288 800 288 817 288 833 296 850 308 863 321 871 338 875 354 875 371 875 388 867 400 854L696 533Z\"><\/path><\/svg>\t\t\t<\/div>\n\t\t\t\t\t<div class=\"swiper-pagination\"><\/div>\n\t\t\t\t\t\t<\/div>\n\t\t\t\t<\/div>\n\t\t\t\t<\/div>\n\t\t\t\t<\/div>\n\t\t\t\t<\/div>\n\t\t","protected":false},"excerpt":{"rendered":"<p>L&#8217;AMARETTO FONDENTE E AMARENA L&#8217;amaretto fondente e amarena \u00e8 un&#8217;ode al piacere: la dolcezza delle mandorle si fonde con l&#8217;intensit\u00e0 del cioccolato fondente e il retrogusto acidulo dell&#8217;amarena, creando un&#8217;armonia di sapori che ti trasporter\u00e0 in un mondo di pura golosit\u00e0. Acquista ora FONDENTE E AMARENA Amaretto con cioccolato fondente e amarene. Lorem ipsum dolor [&hellip;]<\/p>\n","protected":false},"author":4,"featured_media":0,"parent":1044,"menu_order":0,"comment_status":"closed","ping_status":"closed","template":"elementor_header_footer","meta":{"_acf_changed":false,"footnotes":""},"class_list":["post-742","page","type-page","status-publish","hentry"],"acf":[],"yoast_head":"<!-- This site is optimized with the Yoast SEO plugin v28.4 - https:\/\/yoast.com\/product\/yoast-seo-wordpress\/ -->\n<title>Amaretti Fondente e Amarena<\/title>\n<meta name=\"description\" content=\"Amaretti Fondente e Amarena dal sapore intenso e armonioso, equilibrio perfetto tra cioccolato e frutto.\" \/>\n<meta name=\"robots\" content=\"index, follow, max-snippet:-1, max-image-preview:large, max-video-preview:-1\" \/>\n<link rel=\"canonical\" href=\"https:\/\/amarettinobili.it\/en\/amaretti-nobili\/amaretti-fondente-e-amarena\/\" \/>\n<meta property=\"og:locale\" content=\"en_GB\" \/>\n<meta property=\"og:type\" content=\"article\" \/>\n<meta property=\"og:title\" content=\"Amaretti Fondente e Amarena\" \/>\n<meta property=\"og:description\" content=\"Amaretti Fondente e Amarena dal sapore intenso e armonioso, equilibrio perfetto tra cioccolato e frutto.\" \/>\n<meta property=\"og:url\" content=\"https:\/\/amarettinobili.it\/en\/amaretti-nobili\/amaretti-fondente-e-amarena\/\" \/>\n<meta property=\"og:site_name\" content=\"Amaretti Nobili\" \/>\n<meta property=\"article:modified_time\" content=\"2026-02-18T11:25:53+00:00\" \/>\n<meta property=\"og:image\" content=\"https:\/\/amarettinobili.it\/wp-content\/uploads\/2025\/03\/Amarene-Bianco.png\" \/>\n<meta name=\"twitter:card\" content=\"summary_large_image\" \/>\n<meta name=\"twitter:label1\" content=\"Estimated reading time\" \/>\n\t<meta name=\"twitter:data1\" content=\"10 minutes\" \/>\n<script type=\"application\/ld+json\" class=\"yoast-schema-graph\">{\"@context\":\"https:\\\/\\\/schema.org\",\"@graph\":[{\"@type\":\"WebPage\",\"@id\":\"https:\\\/\\\/amarettinobili.it\\\/amaretti-nobili\\\/amaretti-fondente-e-amarena\\\/\",\"url\":\"https:\\\/\\\/amarettinobili.it\\\/amaretti-nobili\\\/amaretti-fondente-e-amarena\\\/\",\"name\":\"Amaretti Fondente e Amarena\",\"isPartOf\":{\"@id\":\"https:\\\/\\\/amarettinobili.it\\\/#website\"},\"primaryImageOfPage\":{\"@id\":\"https:\\\/\\\/amarettinobili.it\\\/amaretti-nobili\\\/amaretti-fondente-e-amarena\\\/#primaryimage\"},\"image\":{\"@id\":\"https:\\\/\\\/amarettinobili.it\\\/amaretti-nobili\\\/amaretti-fondente-e-amarena\\\/#primaryimage\"},\"thumbnailUrl\":\"https:\\\/\\\/amarettinobili.it\\\/wp-content\\\/uploads\\\/2025\\\/03\\\/Amarene-Bianco.png\",\"datePublished\":\"2024-10-29T13:17:34+00:00\",\"dateModified\":\"2026-02-18T11:25:53+00:00\",\"description\":\"Amaretti Fondente e Amarena dal sapore intenso e armonioso, equilibrio perfetto tra cioccolato e frutto.\",\"breadcrumb\":{\"@id\":\"https:\\\/\\\/amarettinobili.it\\\/amaretti-nobili\\\/amaretti-fondente-e-amarena\\\/#breadcrumb\"},\"inLanguage\":\"en-GB\",\"potentialAction\":[{\"@type\":\"ReadAction\",\"target\":[\"https:\\\/\\\/amarettinobili.it\\\/amaretti-nobili\\\/amaretti-fondente-e-amarena\\\/\"]}]},{\"@type\":\"ImageObject\",\"inLanguage\":\"en-GB\",\"@id\":\"https:\\\/\\\/amarettinobili.it\\\/amaretti-nobili\\\/amaretti-fondente-e-amarena\\\/#primaryimage\",\"url\":\"https:\\\/\\\/amarettinobili.it\\\/wp-content\\\/uploads\\\/2025\\\/03\\\/Amarene-Bianco.png\",\"contentUrl\":\"https:\\\/\\\/amarettinobili.it\\\/wp-content\\\/uploads\\\/2025\\\/03\\\/Amarene-Bianco.png\"},{\"@type\":\"BreadcrumbList\",\"@id\":\"https:\\\/\\\/amarettinobili.it\\\/amaretti-nobili\\\/amaretti-fondente-e-amarena\\\/#breadcrumb\",\"itemListElement\":[{\"@type\":\"ListItem\",\"position\":1,\"name\":\"Home\",\"item\":\"https:\\\/\\\/amarettinobili.it\\\/\"},{\"@type\":\"ListItem\",\"position\":2,\"name\":\"Amaretti Nobili\",\"item\":\"https:\\\/\\\/amarettinobili.it\\\/amaretti-nobili\\\/\"},{\"@type\":\"ListItem\",\"position\":3,\"name\":\"Fondente e Amarena\"}]},{\"@type\":\"WebSite\",\"@id\":\"https:\\\/\\\/amarettinobili.it\\\/#website\",\"url\":\"https:\\\/\\\/amarettinobili.it\\\/\",\"name\":\"Amaretti Nobili\",\"description\":\"Gli Amaretti di Mombaruzzo\",\"publisher\":{\"@id\":\"https:\\\/\\\/amarettinobili.it\\\/#organization\"},\"potentialAction\":[{\"@type\":\"SearchAction\",\"target\":{\"@type\":\"EntryPoint\",\"urlTemplate\":\"https:\\\/\\\/amarettinobili.it\\\/?s={search_term_string}\"},\"query-input\":{\"@type\":\"PropertyValueSpecification\",\"valueRequired\":true,\"valueName\":\"search_term_string\"}}],\"inLanguage\":\"en-GB\"},{\"@type\":\"Organization\",\"@id\":\"https:\\\/\\\/amarettinobili.it\\\/#organization\",\"name\":\"Amaretti Nobili\",\"url\":\"https:\\\/\\\/amarettinobili.it\\\/\",\"logo\":{\"@type\":\"ImageObject\",\"inLanguage\":\"en-GB\",\"@id\":\"https:\\\/\\\/amarettinobili.it\\\/#\\\/schema\\\/logo\\\/image\\\/\",\"url\":\"https:\\\/\\\/amarettinobili.it\\\/wp-content\\\/uploads\\\/2024\\\/10\\\/Logo-Amaretti-Nobili.png\",\"contentUrl\":\"https:\\\/\\\/amarettinobili.it\\\/wp-content\\\/uploads\\\/2024\\\/10\\\/Logo-Amaretti-Nobili.png\",\"width\":4000,\"height\":4748,\"caption\":\"Amaretti Nobili\"},\"image\":{\"@id\":\"https:\\\/\\\/amarettinobili.it\\\/#\\\/schema\\\/logo\\\/image\\\/\"}}]}<\/script>\n<!-- \/ Yoast SEO plugin. -->","yoast_head_json":{"title":"Dark Amaretti and Amarena Cherries","description":"Intense and harmonious flavour of Amaretti, Fondente, and Amarena, a perfect balance of chocolate and fruit.","robots":{"index":"index","follow":"follow","max-snippet":"max-snippet:-1","max-image-preview":"max-image-preview:large","max-video-preview":"max-video-preview:-1"},"canonical":"https:\/\/amarettinobili.it\/en\/amaretti-nobili\/amaretti-fondente-e-amarena\/","og_locale":"en_GB","og_type":"article","og_title":"Amaretti Fondente e Amarena","og_description":"Amaretti Fondente e Amarena dal sapore intenso e armonioso, equilibrio perfetto tra cioccolato e frutto.","og_url":"https:\/\/amarettinobili.it\/en\/amaretti-nobili\/amaretti-fondente-e-amarena\/","og_site_name":"Amaretti Nobili","article_modified_time":"2026-02-18T11:25:53+00:00","og_image":[{"url":"https:\/\/amarettinobili.it\/wp-content\/uploads\/2025\/03\/Amarene-Bianco.png","type":"","width":"","height":""}],"twitter_card":"summary_large_image","twitter_misc":{"Estimated reading time":"10 minutes"},"schema":{"@context":"https:\/\/schema.org","@graph":[{"@type":"WebPage","@id":"https:\/\/amarettinobili.it\/amaretti-nobili\/amaretti-fondente-e-amarena\/","url":"https:\/\/amarettinobili.it\/amaretti-nobili\/amaretti-fondente-e-amarena\/","name":"Dark Amaretti and Amarena Cherries","isPartOf":{"@id":"https:\/\/amarettinobili.it\/#website"},"primaryImageOfPage":{"@id":"https:\/\/amarettinobili.it\/amaretti-nobili\/amaretti-fondente-e-amarena\/#primaryimage"},"image":{"@id":"https:\/\/amarettinobili.it\/amaretti-nobili\/amaretti-fondente-e-amarena\/#primaryimage"},"thumbnailUrl":"https:\/\/amarettinobili.it\/wp-content\/uploads\/2025\/03\/Amarene-Bianco.png","datePublished":"2024-10-29T13:17:34+00:00","dateModified":"2026-02-18T11:25:53+00:00","description":"Intense and harmonious flavour of Amaretti, Fondente, and Amarena, a perfect balance of chocolate and fruit.","breadcrumb":{"@id":"https:\/\/amarettinobili.it\/amaretti-nobili\/amaretti-fondente-e-amarena\/#breadcrumb"},"inLanguage":"en-GB","potentialAction":[{"@type":"ReadAction","target":["https:\/\/amarettinobili.it\/amaretti-nobili\/amaretti-fondente-e-amarena\/"]}]},{"@type":"ImageObject","inLanguage":"en-GB","@id":"https:\/\/amarettinobili.it\/amaretti-nobili\/amaretti-fondente-e-amarena\/#primaryimage","url":"https:\/\/amarettinobili.it\/wp-content\/uploads\/2025\/03\/Amarene-Bianco.png","contentUrl":"https:\/\/amarettinobili.it\/wp-content\/uploads\/2025\/03\/Amarene-Bianco.png"},{"@type":"BreadcrumbList","@id":"https:\/\/amarettinobili.it\/amaretti-nobili\/amaretti-fondente-e-amarena\/#breadcrumb","itemListElement":[{"@type":"ListItem","position":1,"name":"Home","item":"https:\/\/amarettinobili.it\/"},{"@type":"ListItem","position":2,"name":"Amaretti Nobili","item":"https:\/\/amarettinobili.it\/amaretti-nobili\/"},{"@type":"ListItem","position":3,"name":"Fondente e Amarena"}]},{"@type":"WebSite","@id":"https:\/\/amarettinobili.it\/#website","url":"https:\/\/amarettinobili.it\/","name":"Nobili Amaretti","description":"The Amaretti of Mombaruzzo","publisher":{"@id":"https:\/\/amarettinobili.it\/#organization"},"potentialAction":[{"@type":"SearchAction","target":{"@type":"EntryPoint","urlTemplate":"https:\/\/amarettinobili.it\/?s={search_term_string}"},"query-input":{"@type":"PropertyValueSpecification","valueRequired":true,"valueName":"search_term_string"}}],"inLanguage":"en-GB"},{"@type":"Organization","@id":"https:\/\/amarettinobili.it\/#organization","name":"Nobili Amaretti","url":"https:\/\/amarettinobili.it\/","logo":{"@type":"ImageObject","inLanguage":"en-GB","@id":"https:\/\/amarettinobili.it\/#\/schema\/logo\/image\/","url":"https:\/\/amarettinobili.it\/wp-content\/uploads\/2024\/10\/Logo-Amaretti-Nobili.png","contentUrl":"https:\/\/amarettinobili.it\/wp-content\/uploads\/2024\/10\/Logo-Amaretti-Nobili.png","width":4000,"height":4748,"caption":"Amaretti Nobili"},"image":{"@id":"https:\/\/amarettinobili.it\/#\/schema\/logo\/image\/"}}]}},"_links":{"self":[{"href":"http:\/\/amarettinobili.it\/en\/wp-json\/wp\/v2\/pages\/742","targetHints":{"allow":["GET"]}}],"collection":[{"href":"http:\/\/amarettinobili.it\/en\/wp-json\/wp\/v2\/pages"}],"about":[{"href":"http:\/\/amarettinobili.it\/en\/wp-json\/wp\/v2\/types\/page"}],"author":[{"embeddable":true,"href":"http:\/\/amarettinobili.it\/en\/wp-json\/wp\/v2\/users\/4"}],"replies":[{"embeddable":true,"href":"http:\/\/amarettinobili.it\/en\/wp-json\/wp\/v2\/comments?post=742"}],"version-history":[{"count":79,"href":"http:\/\/amarettinobili.it\/en\/wp-json\/wp\/v2\/pages\/742\/revisions"}],"predecessor-version":[{"id":2545,"href":"http:\/\/amarettinobili.it\/en\/wp-json\/wp\/v2\/pages\/742\/revisions\/2545"}],"up":[{"embeddable":true,"href":"http:\/\/amarettinobili.it\/en\/wp-json\/wp\/v2\/pages\/1044"}],"wp:attachment":[{"href":"http:\/\/amarettinobili.it\/en\/wp-json\/wp\/v2\/media?parent=742"}],"curies":[{"name":"wp","href":"https:\/\/api.w.org\/{rel}","templated":true}]}}